{"id":1650,"date":"2020-06-10T07:45:00","date_gmt":"2020-06-10T05:45:00","guid":{"rendered":"http:\/\/feuerwehr-erwitte.de\/?post_type=einsatz&#038;p=1650"},"modified":"2020-09-15T14:47:17","modified_gmt":"2020-09-15T12:47:17","slug":"brandgeruch-im-keller","status":"publish","type":"einsatz","link":"https:\/\/www.feuerwehr-erwitte.de\/index.php\/einsatzberichte\/brandgeruch-im-keller\/","title":{"rendered":"Brandgeruch im Keller"},"content":{"rendered":"\n<p>Am Mittwoch um 7:45 Uhr wurde die Feuerwehr in die Laurentiusstr. in Erwitte gerufen. Gemeldet wurde Brandgeruch im Keller ohne Feuerschein und Rauch. Der Einsatzleiter ist zusammen mit seinem Angriffstrupp unter Atemschutz zur Erkundung in den Keller vor und durchsuchten die R\u00e4umlichkeiten. Im hinteren Kellerbereich wurde eine durchgeschmorte und noch hei\u00dfe Mehrfachsteckdose gefunden. Zum Gl\u00fcck wurde der Vorfall durch den Anwohner rechtzeitig der Notfallnummer 112 gemeldet, so das schlimmeres verhindert werden konnte.<\/p>\n\n\n\n<div class=\"wp-block-image\"><figure class=\"alignleft size-full\"><img fetchpriority=\"high\" decoding=\"async\" width=\"640\" height=\"360\" src=\"https:\/\/feuerwehr-erwitte.de\/wp-content\/uploads\/2020\/06\/IMG_20200610_080302.jpg\" alt=\"\" class=\"wp-image-1651\" srcset=\"https:\/\/www.feuerwehr-erwitte.de\/wp-content\/uploads\/2020\/06\/IMG_20200610_080302.jpg 640w, https:\/\/www.feuerwehr-erwitte.de\/wp-content\/uploads\/2020\/06\/IMG_20200610_080302-150x84.jpg 150w, https:\/\/www.feuerwehr-erwitte.de\/wp-content\/uploads\/2020\/06\/IMG_20200610_080302-300x169.jpg 300w\" sizes=\"(max-width: 640px) 100vw, 640px\" \/><\/figure><\/div>\n\n\n\n<p><\/p>\n","protected":false},"author":5,"featured_media":0,"template":"","meta":{"ocean_post_layout":"","ocean_both_sidebars_style":"","ocean_both_sidebars_content_width":0,"ocean_both_sidebars_sidebars_width":0,"ocean_sidebar":"","ocean_second_sidebar":"","ocean_disable_margins":"enable","ocean_add_body_class":"","ocean_shortcode_before_top_bar":"","ocean_shortcode_after_top_bar":"","ocean_shortcode_before_header":"","ocean_shortcode_after_header":"","ocean_has_shortcode":"","ocean_shortcode_after_title":"","ocean_shortcode_before_footer_widgets":"","ocean_shortcode_after_footer_widgets":"","ocean_shortcode_before_footer_bottom":"","ocean_shortcode_after_footer_bottom":"","ocean_display_top_bar":"default","ocean_display_header":"default","ocean_header_style":"","ocean_center_header_left_menu":"","ocean_custom_header_template":"","ocean_custom_logo":0,"ocean_custom_retina_logo":0,"ocean_custom_logo_max_width":0,"ocean_custom_logo_tablet_max_width":0,"ocean_custom_logo_mobile_max_width":0,"ocean_custom_logo_max_height":0,"ocean_custom_logo_tablet_max_height":0,"ocean_custom_logo_mobile_max_height":0,"ocean_header_custom_menu":"","ocean_menu_typo_font_family":"","ocean_menu_typo_font_subset":"","ocean_menu_typo_font_size":0,"ocean_menu_typo_font_size_tablet":0,"ocean_menu_typo_font_size_mobile":0,"ocean_menu_typo_font_size_unit":"px","ocean_menu_typo_font_weight":"","ocean_menu_typo_font_weight_tablet":"","ocean_menu_typo_font_weight_mobile":"","ocean_menu_typo_transform":"","ocean_menu_typo_transform_tablet":"","ocean_menu_typo_transform_mobile":"","ocean_menu_typo_line_height":0,"ocean_menu_typo_line_height_tablet":0,"ocean_menu_typo_line_height_mobile":0,"ocean_menu_typo_line_height_unit":"","ocean_menu_typo_spacing":0,"ocean_menu_typo_spacing_tablet":0,"ocean_menu_typo_spacing_mobile":0,"ocean_menu_typo_spacing_unit":"","ocean_menu_link_color":"","ocean_menu_link_color_hover":"","ocean_menu_link_color_active":"","ocean_menu_link_background":"","ocean_menu_link_hover_background":"","ocean_menu_link_active_background":"","ocean_menu_social_links_bg":"","ocean_menu_social_hover_links_bg":"","ocean_menu_social_links_color":"","ocean_menu_social_hover_links_color":"","ocean_disable_title":"default","ocean_disable_heading":"default","ocean_post_title":"","ocean_post_subheading":"","ocean_post_title_style":"","ocean_post_title_background_color":"","ocean_post_title_background":0,"ocean_post_title_bg_image_position":"","ocean_post_title_bg_image_attachment":"","ocean_post_title_bg_image_repeat":"","ocean_post_title_bg_image_size":"","ocean_post_title_height":0,"ocean_post_title_bg_overlay":0.5,"ocean_post_title_bg_overlay_color":"","ocean_disable_breadcrumbs":"default","ocean_breadcrumbs_color":"","ocean_breadcrumbs_separator_color":"","ocean_breadcrumbs_links_color":"","ocean_breadcrumbs_links_hover_color":"","ocean_display_footer_widgets":"default","ocean_display_footer_bottom":"default","ocean_custom_footer_template":"","einsatz_weight":1,"footnotes":""},"categories":[5],"einsatzart":[27],"fahrzeug":[],"exteinsatzmittel":[],"alarmierungsart":[17],"evw_unit":[],"class_list":["post-1650","einsatz","type-einsatz","status-publish","hentry","category-einsatzmeldung","einsatzart-brand","alarmierungsart-melder","entry"],"_links":{"self":[{"href":"https:\/\/www.feuerwehr-erwitte.de\/index.php\/wp-json\/wp\/v2\/einsatz\/1650","targetHints":{"allow":["GET"]}}],"collection":[{"href":"https:\/\/www.feuerwehr-erwitte.de\/index.php\/wp-json\/wp\/v2\/einsatz"}],"about":[{"href":"https:\/\/www.feuerwehr-erwitte.de\/index.php\/wp-json\/wp\/v2\/types\/einsatz"}],"author":[{"embeddable":true,"href":"https:\/\/www.feuerwehr-erwitte.de\/index.php\/wp-json\/wp\/v2\/users\/5"}],"version-history":[{"count":3,"href":"https:\/\/www.feuerwehr-erwitte.de\/index.php\/wp-json\/wp\/v2\/einsatz\/1650\/revisions"}],"predecessor-version":[{"id":1896,"href":"https:\/\/www.feuerwehr-erwitte.de\/index.php\/wp-json\/wp\/v2\/einsatz\/1650\/revisions\/1896"}],"wp:attachment":[{"href":"https:\/\/www.feuerwehr-erwitte.de\/index.php\/wp-json\/wp\/v2\/media?parent=1650"}],"wp:term":[{"taxonomy":"category","embeddable":true,"href":"https:\/\/www.feuerwehr-erwitte.de\/index.php\/wp-json\/wp\/v2\/categories?post=1650"},{"taxonomy":"einsatzart","embeddable":true,"href":"https:\/\/www.feuerwehr-erwitte.de\/index.php\/wp-json\/wp\/v2\/einsatzart?post=1650"},{"taxonomy":"fahrzeug","embeddable":true,"href":"https:\/\/www.feuerwehr-erwitte.de\/index.php\/wp-json\/wp\/v2\/fahrzeug?post=1650"},{"taxonomy":"exteinsatzmittel","embeddable":true,"href":"https:\/\/www.feuerwehr-erwitte.de\/index.php\/wp-json\/wp\/v2\/exteinsatzmittel?post=1650"},{"taxonomy":"alarmierungsart","embeddable":true,"href":"https:\/\/www.feuerwehr-erwitte.de\/index.php\/wp-json\/wp\/v2\/alarmierungsart?post=1650"},{"taxonomy":"evw_unit","embeddable":true,"href":"https:\/\/www.feuerwehr-erwitte.de\/index.php\/wp-json\/wp\/v2\/evw_unit?post=1650"}],"curies":[{"name":"wp","href":"https:\/\/api.w.org\/{rel}","templated":true}]}}