{"id":3505,"date":"2022-02-17T04:53:00","date_gmt":"2022-02-17T02:53:00","guid":{"rendered":"https:\/\/www.feuerwehr-erwitte.de\/?post_type=einsatz&#038;p=3505"},"modified":"2022-03-03T16:09:44","modified_gmt":"2022-03-03T14:09:44","slug":"baum-auf-fahrbahn","status":"publish","type":"einsatz","link":"https:\/\/www.feuerwehr-erwitte.de\/index.php\/einsatzberichte\/baum-auf-fahrbahn\/","title":{"rendered":"Baum auf Fahrbahn"},"content":{"rendered":"\n<p>Um kurz vor f\u00fcnf Uhr sorgte Sturmtief #2 aus dem aktuellem Trio f\u00fcr einen schnellen Start in den Morgen; unsere Funkmelder riefen uns zu einem Einsatz. Ein Baum konnte den B\u00f6en nicht standhalten und legte sich \u00fcber eine Zufahrtsstra\u00dfe.<br>Der Baum wurde zers\u00e4gt, zur Seite ger\u00e4umt, die Stra\u00dfe gereinigt und diese konnte dann recht schnell wieder durch die Polizei f\u00fcr den Verkehr freigegeben werden. Auf dem Weg zu dieser Einsatzstelle haben wir noch einen weiteren Gegenstand von der Stra\u00dfe ger\u00e4umt, der dort augenscheinlich nicht hingeh\u00f6rte.<\/p>\n\n\n\n<figure class=\"wp-block-gallery columns-2 is-cropped wp-block-gallery-1 is-layout-flex wp-block-gallery-is-layout-flex\"><ul class=\"blocks-gallery-grid\"><li class=\"blocks-gallery-item\"><figure><img fetchpriority=\"high\" decoding=\"async\" width=\"2048\" height=\"1536\" src=\"https:\/\/www.feuerwehr-erwitte.de\/wp-content\/uploads\/2022\/03\/Einsatz_BWK.jpg\" alt=\"\" data-id=\"3556\" data-full-url=\"https:\/\/www.feuerwehr-erwitte.de\/wp-content\/uploads\/2022\/03\/Einsatz_BWK.jpg\" data-link=\"https:\/\/www.feuerwehr-erwitte.de\/index.php\/einsatzberichte\/baum-auf-fahrbahn\/einsatz_bwk\/\" class=\"wp-image-3556\" srcset=\"https:\/\/www.feuerwehr-erwitte.de\/wp-content\/uploads\/2022\/03\/Einsatz_BWK.jpg 2048w, https:\/\/www.feuerwehr-erwitte.de\/wp-content\/uploads\/2022\/03\/Einsatz_BWK-150x113.jpg 150w, https:\/\/www.feuerwehr-erwitte.de\/wp-content\/uploads\/2022\/03\/Einsatz_BWK-300x225.jpg 300w, https:\/\/www.feuerwehr-erwitte.de\/wp-content\/uploads\/2022\/03\/Einsatz_BWK-768x576.jpg 768w, https:\/\/www.feuerwehr-erwitte.de\/wp-content\/uploads\/2022\/03\/Einsatz_BWK-1536x1152.jpg 1536w\" sizes=\"(max-width: 2048px) 100vw, 2048px\" \/><\/figure><\/li><li class=\"blocks-gallery-item\"><figure><img decoding=\"async\" width=\"2048\" height=\"1536\" src=\"https:\/\/www.feuerwehr-erwitte.de\/wp-content\/uploads\/2022\/03\/Einsatz_BWK2.jpg\" alt=\"\" data-id=\"3557\" data-full-url=\"https:\/\/www.feuerwehr-erwitte.de\/wp-content\/uploads\/2022\/03\/Einsatz_BWK2.jpg\" data-link=\"https:\/\/www.feuerwehr-erwitte.de\/index.php\/einsatzberichte\/baum-auf-fahrbahn\/einsatz_bwk2\/\" class=\"wp-image-3557\" srcset=\"https:\/\/www.feuerwehr-erwitte.de\/wp-content\/uploads\/2022\/03\/Einsatz_BWK2.jpg 2048w, https:\/\/www.feuerwehr-erwitte.de\/wp-content\/uploads\/2022\/03\/Einsatz_BWK2-150x113.jpg 150w, https:\/\/www.feuerwehr-erwitte.de\/wp-content\/uploads\/2022\/03\/Einsatz_BWK2-300x225.jpg 300w, https:\/\/www.feuerwehr-erwitte.de\/wp-content\/uploads\/2022\/03\/Einsatz_BWK2-768x576.jpg 768w, https:\/\/www.feuerwehr-erwitte.de\/wp-content\/uploads\/2022\/03\/Einsatz_BWK2-1536x1152.jpg 1536w\" sizes=\"(max-width: 2048px) 100vw, 2048px\" \/><\/figure><\/li><\/ul><\/figure>\n","protected":false},"author":5,"featured_media":0,"template":"","meta":{"ocean_post_layout":"","ocean_both_sidebars_style":"","ocean_both_sidebars_content_width":0,"ocean_both_sidebars_sidebars_width":0,"ocean_sidebar":"","ocean_second_sidebar":"","ocean_disable_margins":"enable","ocean_add_body_class":"","ocean_shortcode_before_top_bar":"","ocean_shortcode_after_top_bar":"","ocean_shortcode_before_header":"","ocean_shortcode_after_header":"","ocean_has_shortcode":"","ocean_shortcode_after_title":"","ocean_shortcode_before_footer_widgets":"","ocean_shortcode_after_footer_widgets":"","ocean_shortcode_before_footer_bottom":"","ocean_shortcode_after_footer_bottom":"","ocean_display_top_bar":"default","ocean_display_header":"default","ocean_header_style":"","ocean_center_header_left_menu":"","ocean_custom_header_template":"","ocean_custom_logo":0,"ocean_custom_retina_logo":0,"ocean_custom_logo_max_width":0,"ocean_custom_logo_tablet_max_width":0,"ocean_custom_logo_mobile_max_width":0,"ocean_custom_logo_max_height":0,"ocean_custom_logo_tablet_max_height":0,"ocean_custom_logo_mobile_max_height":0,"ocean_header_custom_menu":"","ocean_menu_typo_font_family":"","ocean_menu_typo_font_subset":"","ocean_menu_typo_font_size":0,"ocean_menu_typo_font_size_tablet":0,"ocean_menu_typo_font_size_mobile":0,"ocean_menu_typo_font_size_unit":"px","ocean_menu_typo_font_weight":"","ocean_menu_typo_font_weight_tablet":"","ocean_menu_typo_font_weight_mobile":"","ocean_menu_typo_transform":"","ocean_menu_typo_transform_tablet":"","ocean_menu_typo_transform_mobile":"","ocean_menu_typo_line_height":0,"ocean_menu_typo_line_height_tablet":0,"ocean_menu_typo_line_height_mobile":0,"ocean_menu_typo_line_height_unit":"","ocean_menu_typo_spacing":0,"ocean_menu_typo_spacing_tablet":0,"ocean_menu_typo_spacing_mobile":0,"ocean_menu_typo_spacing_unit":"","ocean_menu_link_color":"","ocean_menu_link_color_hover":"","ocean_menu_link_color_active":"","ocean_menu_link_background":"","ocean_menu_link_hover_background":"","ocean_menu_link_active_background":"","ocean_menu_social_links_bg":"","ocean_menu_social_hover_links_bg":"","ocean_menu_social_links_color":"","ocean_menu_social_hover_links_color":"","ocean_disable_title":"default","ocean_disable_heading":"default","ocean_post_title":"","ocean_post_subheading":"","ocean_post_title_style":"","ocean_post_title_background_color":"","ocean_post_title_background":0,"ocean_post_title_bg_image_position":"","ocean_post_title_bg_image_attachment":"","ocean_post_title_bg_image_repeat":"","ocean_post_title_bg_image_size":"","ocean_post_title_height":0,"ocean_post_title_bg_overlay":0.5,"ocean_post_title_bg_overlay_color":"","ocean_disable_breadcrumbs":"default","ocean_breadcrumbs_color":"","ocean_breadcrumbs_separator_color":"","ocean_breadcrumbs_links_color":"","ocean_breadcrumbs_links_hover_color":"","ocean_display_footer_widgets":"default","ocean_display_footer_bottom":"default","ocean_custom_footer_template":"","einsatz_weight":1,"footnotes":""},"categories":[5],"einsatzart":[31],"fahrzeug":[],"exteinsatzmittel":[],"alarmierungsart":[17],"evw_unit":[96],"class_list":["post-3505","einsatz","type-einsatz","status-publish","hentry","category-einsatzmeldung","einsatzart-th","alarmierungsart-melder","evw_unit-lz-bad-westernkotten","entry"],"_links":{"self":[{"href":"https:\/\/www.feuerwehr-erwitte.de\/index.php\/wp-json\/wp\/v2\/einsatz\/3505","targetHints":{"allow":["GET"]}}],"collection":[{"href":"https:\/\/www.feuerwehr-erwitte.de\/index.php\/wp-json\/wp\/v2\/einsatz"}],"about":[{"href":"https:\/\/www.feuerwehr-erwitte.de\/index.php\/wp-json\/wp\/v2\/types\/einsatz"}],"author":[{"embeddable":true,"href":"https:\/\/www.feuerwehr-erwitte.de\/index.php\/wp-json\/wp\/v2\/users\/5"}],"version-history":[{"count":2,"href":"https:\/\/www.feuerwehr-erwitte.de\/index.php\/wp-json\/wp\/v2\/einsatz\/3505\/revisions"}],"predecessor-version":[{"id":3559,"href":"https:\/\/www.feuerwehr-erwitte.de\/index.php\/wp-json\/wp\/v2\/einsatz\/3505\/revisions\/3559"}],"wp:attachment":[{"href":"https:\/\/www.feuerwehr-erwitte.de\/index.php\/wp-json\/wp\/v2\/media?parent=3505"}],"wp:term":[{"taxonomy":"category","embeddable":true,"href":"https:\/\/www.feuerwehr-erwitte.de\/index.php\/wp-json\/wp\/v2\/categories?post=3505"},{"taxonomy":"einsatzart","embeddable":true,"href":"https:\/\/www.feuerwehr-erwitte.de\/index.php\/wp-json\/wp\/v2\/einsatzart?post=3505"},{"taxonomy":"fahrzeug","embeddable":true,"href":"https:\/\/www.feuerwehr-erwitte.de\/index.php\/wp-json\/wp\/v2\/fahrzeug?post=3505"},{"taxonomy":"exteinsatzmittel","embeddable":true,"href":"https:\/\/www.feuerwehr-erwitte.de\/index.php\/wp-json\/wp\/v2\/exteinsatzmittel?post=3505"},{"taxonomy":"alarmierungsart","embeddable":true,"href":"https:\/\/www.feuerwehr-erwitte.de\/index.php\/wp-json\/wp\/v2\/alarmierungsart?post=3505"},{"taxonomy":"evw_unit","embeddable":true,"href":"https:\/\/www.feuerwehr-erwitte.de\/index.php\/wp-json\/wp\/v2\/evw_unit?post=3505"}],"curies":[{"name":"wp","href":"https:\/\/api.w.org\/{rel}","templated":true}]}}