{"id":5060,"date":"2023-12-16T16:10:00","date_gmt":"2023-12-16T15:10:00","guid":{"rendered":"https:\/\/www.feuerwehr-erwitte.de\/?post_type=einsatz&#038;p=5060"},"modified":"2023-12-21T14:38:59","modified_gmt":"2023-12-21T13:38:59","slug":"gebaeude-vollbrand","status":"publish","type":"einsatz","link":"https:\/\/www.feuerwehr-erwitte.de\/index.php\/einsatzberichte\/gebaeude-vollbrand\/","title":{"rendered":"Geb\u00e4ude Vollbrand"},"content":{"rendered":"\n<p>Am Samstagnachmittag wurden um 16:10 Uhr der L\u00f6schzug Erwitte sowie die L\u00f6schgruppen Stirpe und V\u00f6llinghausen sowie die Atemschutznotfallstaffel des 2. Verbandes mit dem Stichwort \u201eBrand 2 \u2013 Unklarer Flammenschein aus Geb\u00e4ude\u201c nach Erwitte alarmiert. Drei Minuten sp\u00e4ter piepte der Melder bei den Kameraden erneut \u2013 Erh\u00f6hung auf \u201eBrand 3 \u2013 Vollbrand Geb\u00e4ude\u201c, damit wurde auch der L\u00f6schzug Bad Westernkotten alarmiert.<\/p>\n\n\n\n<p>Von den Einheiten wurde umgehend eine Wasserversorgung aufgebaut und die Brandbek\u00e4mpfung der Vorder- und R\u00fcckseite des Geb\u00e4udes begonnen. Diese erfolgte \u00fcber die Drehleiter, Wasserwerfer sowie mehrere B-Rohre. Die Einsatzkr\u00e4fte sicherten die Einsatzstelle und die Polizei nahm eine Vollsperrung der Stra\u00dfe vor. Zudem kam es auf Grund der enormen Geruchsbel\u00e4stigung durch den Brandrauch zu einer Warnung \u00fcber die Warn-App NINA und Lautsprecher-Durchsagen der Polizei. Durch den immensen Einsatz von Atemschutz-Ger\u00e4tetr\u00e4gern r\u00fcckte der Abrollcontainer Atemschutz des Kreises Soest an.<\/p>\n\n\n\n<p>Nicht nur der 1. Verband der Feuerwehr Erwitte wurde t\u00e4tig: Der L\u00f6schzug Horn setzte den Dachmonitor des TLF 3000 zur Brandbek\u00e4mpfung ein und die L\u00f6schgruppe B\u00f6ckum-Norddorf stellte den Grundschutz am Ger\u00e4tehaus Erwitte sicher. Im Verlauf des Grundschutzes wurde ein Verkehrsunfall zwischen V\u00f6llinghausen und Berenbrock abgearbeitet, die Atemschutznotfallstaffel des 2. Verbandes war dort zuvor ebenfalls bereits anwesend, da sie die Einsatzstelle beim Einr\u00fccken passierten.<\/p>\n\n\n\n<p>Ab dem sp\u00e4ten Abend stellte die Feuerwehr Brandsicherheitswachen an der Einsatzstelle, abgedeckt durch die Einheiten Erwitte, Horn und Schallern. Am Sonntag fand eine Lagebesprechung aller Beteiligten statt, um das weitere Vorgehen zu er\u00f6rtern, unter anderem in Bezug auf das Freilegen der Dach- und Deckenkonstruktion. F\u00fcr eine stetige \u00dcberwachung und die Dokumentation aus der Luft wurde die Drohnen-Gruppe des Kreises Soest alarmiert. Im Laufe der Arbeiten durch eine Fachfirma l\u00f6schten Kameraden der Feuerwehr immer wieder neu aufflammende Feuerstellen am und im Geb\u00e4ude ab.<\/p>\n\n\n\n<p>Die Freiwillige Feuerwehr m\u00f6chte an dieser Stelle die gute Teamarbeit innerhalb aller beteiligten Einheiten im Einsatz loben.<br>Wir bedanken uns f\u00fcr die reibungslose Zusammenarbeit:<\/p>\n\n\n\n<ul class=\"wp-block-list\">\n<li>bei dem B\u00fcrgermeister der Stadt Erwitte,<\/li>\n\n\n\n<li>bei den Rufbereitschaften des Ordnungsamtes und des Geb\u00e4udebetriebs,<\/li>\n\n\n\n<li>f\u00fcr die Bereitstellung st\u00e4dtischer Geb\u00e4ude,<\/li>\n\n\n\n<li>bei der DLRG f\u00fcr die Einsatzstellen-Versorgung,<\/li>\n\n\n\n<li>bei der Drohnen-Gruppe des Kreises Soest,<\/li>\n\n\n\n<li>bei dem Rettungsdienst Kreis Soest,<\/li>\n\n\n\n<li>bei der Polizei,<\/li>\n\n\n\n<li>bei der Kriminalpolizei,<\/li>\n\n\n\n<li>bei dem Team der Brandursachenermittlung,<\/li>\n\n\n\n<li>bei der Eigent\u00fcmervereinigung,<\/li>\n\n\n\n<li>bei dem Abbruchunternehmen,<\/li>\n\n\n\n<li>bei dem Kran-Unternehmen,<\/li>\n\n\n\n<li>bei der WLE,<\/li>\n\n\n\n<li>und bei allen weiteren Beh\u00f6rden und Helfern.<\/li>\n<\/ul>\n\n\n\n<p>Nach etwas \u00fcber 25 Stunden konnte die Einsatzstelle durch die Feuerwehr an die Eigent\u00fcmervereinigung \u00fcbergeben werden.<br>Weitere Informationen befinden sich in den Pressemitteilungen der Stadt Erwitte unter <a href=\"http:\/\/erwitte.net\/news\" target=\"_blank\" rel=\"noreferrer noopener\">erwitte.net\/news<\/a>.<\/p>\n\n\n\n<figure class=\"wp-block-gallery has-nested-images columns-default is-cropped wp-block-gallery-1 is-layout-flex wp-block-gallery-is-layout-flex\">\n<figure class=\"wp-block-image size-full\"><img fetchpriority=\"high\" decoding=\"async\" width=\"2560\" height=\"2560\" data-id=\"5078\" src=\"https:\/\/www.feuerwehr-erwitte.de\/wp-content\/uploads\/2023\/12\/IMG_1857-scaled.jpg\" alt=\"\" class=\"wp-image-5078\" srcset=\"https:\/\/www.feuerwehr-erwitte.de\/wp-content\/uploads\/2023\/12\/IMG_1857-scaled.jpg 2560w, https:\/\/www.feuerwehr-erwitte.de\/wp-content\/uploads\/2023\/12\/IMG_1857-150x150.jpg 150w, https:\/\/www.feuerwehr-erwitte.de\/wp-content\/uploads\/2023\/12\/IMG_1857-300x300.jpg 300w, https:\/\/www.feuerwehr-erwitte.de\/wp-content\/uploads\/2023\/12\/IMG_1857-100x100.jpg 100w, https:\/\/www.feuerwehr-erwitte.de\/wp-content\/uploads\/2023\/12\/IMG_1857-768x768.jpg 768w, https:\/\/www.feuerwehr-erwitte.de\/wp-content\/uploads\/2023\/12\/IMG_1857-1536x1536.jpg 1536w, https:\/\/www.feuerwehr-erwitte.de\/wp-content\/uploads\/2023\/12\/IMG_1857-2048x2048.jpg 2048w, https:\/\/www.feuerwehr-erwitte.de\/wp-content\/uploads\/2023\/12\/IMG_1857-600x600.jpg 600w\" sizes=\"(max-width: 2560px) 100vw, 2560px\" \/><\/figure>\n\n\n\n<figure class=\"wp-block-image size-full\"><img decoding=\"async\" width=\"2560\" height=\"2560\" data-id=\"5082\" src=\"https:\/\/www.feuerwehr-erwitte.de\/wp-content\/uploads\/2023\/12\/IMG_1856-scaled.jpg\" alt=\"\" class=\"wp-image-5082\" srcset=\"https:\/\/www.feuerwehr-erwitte.de\/wp-content\/uploads\/2023\/12\/IMG_1856-scaled.jpg 2560w, https:\/\/www.feuerwehr-erwitte.de\/wp-content\/uploads\/2023\/12\/IMG_1856-150x150.jpg 150w, https:\/\/www.feuerwehr-erwitte.de\/wp-content\/uploads\/2023\/12\/IMG_1856-300x300.jpg 300w, https:\/\/www.feuerwehr-erwitte.de\/wp-content\/uploads\/2023\/12\/IMG_1856-100x100.jpg 100w, https:\/\/www.feuerwehr-erwitte.de\/wp-content\/uploads\/2023\/12\/IMG_1856-768x768.jpg 768w, https:\/\/www.feuerwehr-erwitte.de\/wp-content\/uploads\/2023\/12\/IMG_1856-1536x1536.jpg 1536w, https:\/\/www.feuerwehr-erwitte.de\/wp-content\/uploads\/2023\/12\/IMG_1856-2048x2048.jpg 2048w, https:\/\/www.feuerwehr-erwitte.de\/wp-content\/uploads\/2023\/12\/IMG_1856-600x600.jpg 600w\" sizes=\"(max-width: 2560px) 100vw, 2560px\" \/><\/figure>\n\n\n\n<figure class=\"wp-block-image size-full\"><img decoding=\"async\" width=\"2560\" height=\"2560\" data-id=\"5081\" src=\"https:\/\/www.feuerwehr-erwitte.de\/wp-content\/uploads\/2023\/12\/IMG_1855-scaled.jpg\" alt=\"\" class=\"wp-image-5081\" srcset=\"https:\/\/www.feuerwehr-erwitte.de\/wp-content\/uploads\/2023\/12\/IMG_1855-scaled.jpg 2560w, https:\/\/www.feuerwehr-erwitte.de\/wp-content\/uploads\/2023\/12\/IMG_1855-150x150.jpg 150w, https:\/\/www.feuerwehr-erwitte.de\/wp-content\/uploads\/2023\/12\/IMG_1855-300x300.jpg 300w, https:\/\/www.feuerwehr-erwitte.de\/wp-content\/uploads\/2023\/12\/IMG_1855-100x100.jpg 100w, https:\/\/www.feuerwehr-erwitte.de\/wp-content\/uploads\/2023\/12\/IMG_1855-768x768.jpg 768w, https:\/\/www.feuerwehr-erwitte.de\/wp-content\/uploads\/2023\/12\/IMG_1855-1536x1536.jpg 1536w, https:\/\/www.feuerwehr-erwitte.de\/wp-content\/uploads\/2023\/12\/IMG_1855-2048x2048.jpg 2048w, https:\/\/www.feuerwehr-erwitte.de\/wp-content\/uploads\/2023\/12\/IMG_1855-600x600.jpg 600w\" sizes=\"(max-width: 2560px) 100vw, 2560px\" \/><\/figure>\n\n\n\n<figure class=\"wp-block-image size-full\"><img loading=\"lazy\" decoding=\"async\" width=\"2560\" height=\"2560\" data-id=\"5080\" src=\"https:\/\/www.feuerwehr-erwitte.de\/wp-content\/uploads\/2023\/12\/IMG_1859-scaled.jpg\" alt=\"\" class=\"wp-image-5080\" srcset=\"https:\/\/www.feuerwehr-erwitte.de\/wp-content\/uploads\/2023\/12\/IMG_1859-scaled.jpg 2560w, https:\/\/www.feuerwehr-erwitte.de\/wp-content\/uploads\/2023\/12\/IMG_1859-150x150.jpg 150w, https:\/\/www.feuerwehr-erwitte.de\/wp-content\/uploads\/2023\/12\/IMG_1859-300x300.jpg 300w, https:\/\/www.feuerwehr-erwitte.de\/wp-content\/uploads\/2023\/12\/IMG_1859-100x100.jpg 100w, https:\/\/www.feuerwehr-erwitte.de\/wp-content\/uploads\/2023\/12\/IMG_1859-768x768.jpg 768w, https:\/\/www.feuerwehr-erwitte.de\/wp-content\/uploads\/2023\/12\/IMG_1859-1536x1536.jpg 1536w, https:\/\/www.feuerwehr-erwitte.de\/wp-content\/uploads\/2023\/12\/IMG_1859-2048x2048.jpg 2048w, https:\/\/www.feuerwehr-erwitte.de\/wp-content\/uploads\/2023\/12\/IMG_1859-600x600.jpg 600w\" sizes=\"(max-width: 2560px) 100vw, 2560px\" \/><\/figure>\n\n\n\n<figure class=\"wp-block-image size-full\"><img loading=\"lazy\" decoding=\"async\" width=\"2560\" height=\"2560\" data-id=\"5079\" src=\"https:\/\/www.feuerwehr-erwitte.de\/wp-content\/uploads\/2023\/12\/IMG_1858-scaled.jpg\" alt=\"\" class=\"wp-image-5079\" srcset=\"https:\/\/www.feuerwehr-erwitte.de\/wp-content\/uploads\/2023\/12\/IMG_1858-scaled.jpg 2560w, https:\/\/www.feuerwehr-erwitte.de\/wp-content\/uploads\/2023\/12\/IMG_1858-150x150.jpg 150w, https:\/\/www.feuerwehr-erwitte.de\/wp-content\/uploads\/2023\/12\/IMG_1858-300x300.jpg 300w, https:\/\/www.feuerwehr-erwitte.de\/wp-content\/uploads\/2023\/12\/IMG_1858-100x100.jpg 100w, https:\/\/www.feuerwehr-erwitte.de\/wp-content\/uploads\/2023\/12\/IMG_1858-768x768.jpg 768w, https:\/\/www.feuerwehr-erwitte.de\/wp-content\/uploads\/2023\/12\/IMG_1858-1536x1536.jpg 1536w, https:\/\/www.feuerwehr-erwitte.de\/wp-content\/uploads\/2023\/12\/IMG_1858-2048x2048.jpg 2048w, https:\/\/www.feuerwehr-erwitte.de\/wp-content\/uploads\/2023\/12\/IMG_1858-600x600.jpg 600w\" sizes=\"(max-width: 2560px) 100vw, 2560px\" \/><\/figure>\n<\/figure>\n","protected":false},"author":5,"featured_media":0,"template":"","meta":{"ocean_post_layout":"","ocean_both_sidebars_style":"","ocean_both_sidebars_content_width":0,"ocean_both_sidebars_sidebars_width":0,"ocean_sidebar":"","ocean_second_sidebar":"","ocean_disable_margins":"enable","ocean_add_body_class":"","ocean_shortcode_before_top_bar":"","ocean_shortcode_after_top_bar":"","ocean_shortcode_before_header":"","ocean_shortcode_after_header":"","ocean_has_shortcode":"","ocean_shortcode_after_title":"","ocean_shortcode_before_footer_widgets":"","ocean_shortcode_after_footer_widgets":"","ocean_shortcode_before_footer_bottom":"","ocean_shortcode_after_footer_bottom":"","ocean_display_top_bar":"default","ocean_display_header":"default","ocean_header_style":"","ocean_center_header_left_menu":"","ocean_custom_header_template":"","ocean_custom_logo":0,"ocean_custom_retina_logo":0,"ocean_custom_logo_max_width":0,"ocean_custom_logo_tablet_max_width":0,"ocean_custom_logo_mobile_max_width":0,"ocean_custom_logo_max_height":0,"ocean_custom_logo_tablet_max_height":0,"ocean_custom_logo_mobile_max_height":0,"ocean_header_custom_menu":"","ocean_menu_typo_font_family":"","ocean_menu_typo_font_subset":"","ocean_menu_typo_font_size":0,"ocean_menu_typo_font_size_tablet":0,"ocean_menu_typo_font_size_mobile":0,"ocean_menu_typo_font_size_unit":"px","ocean_menu_typo_font_weight":"","ocean_menu_typo_font_weight_tablet":"","ocean_menu_typo_font_weight_mobile":"","ocean_menu_typo_transform":"","ocean_menu_typo_transform_tablet":"","ocean_menu_typo_transform_mobile":"","ocean_menu_typo_line_height":0,"ocean_menu_typo_line_height_tablet":0,"ocean_menu_typo_line_height_mobile":0,"ocean_menu_typo_line_height_unit":"","ocean_menu_typo_spacing":0,"ocean_menu_typo_spacing_tablet":0,"ocean_menu_typo_spacing_mobile":0,"ocean_menu_typo_spacing_unit":"","ocean_menu_link_color":"","ocean_menu_link_color_hover":"","ocean_menu_link_color_active":"","ocean_menu_link_background":"","ocean_menu_link_hover_background":"","ocean_menu_link_active_background":"","ocean_menu_social_links_bg":"","ocean_menu_social_hover_links_bg":"","ocean_menu_social_links_color":"","ocean_menu_social_hover_links_color":"","ocean_disable_title":"default","ocean_disable_heading":"default","ocean_post_title":"","ocean_post_subheading":"","ocean_post_title_style":"","ocean_post_title_background_color":"","ocean_post_title_background":0,"ocean_post_title_bg_image_position":"","ocean_post_title_bg_image_attachment":"","ocean_post_title_bg_image_repeat":"","ocean_post_title_bg_image_size":"","ocean_post_title_height":0,"ocean_post_title_bg_overlay":0.5,"ocean_post_title_bg_overlay_color":"","ocean_disable_breadcrumbs":"default","ocean_breadcrumbs_color":"","ocean_breadcrumbs_separator_color":"","ocean_breadcrumbs_links_color":"","ocean_breadcrumbs_links_hover_color":"","ocean_display_footer_widgets":"default","ocean_display_footer_bottom":"default","ocean_custom_footer_template":"","einsatz_weight":1,"footnotes":""},"categories":[5],"einsatzart":[27],"fahrzeug":[],"exteinsatzmittel":[69,68,25,26,67],"alarmierungsart":[17],"evw_unit":[101,93,91,90,95,94,96,97,92],"class_list":["post-5060","einsatz","type-einsatz","status-publish","hentry","category-einsatzmeldung","einsatzart-brand","exteinsatzmittel-dlrg","exteinsatzmittel-ordnungsamt","exteinsatzmittel-polizei","exteinsatzmittel-rettungsdienst","exteinsatzmittel-untere-wasserbehoerde","alarmierungsart-melder","evw_unit-atemschutznotfallstaffel","evw_unit-lg-boeckum-norddorf","evw_unit-lg-schallern","evw_unit-lg-schmerlecke","evw_unit-lg-stirpe","evw_unit-lg-voellinghausen","evw_unit-lz-bad-westernkotten","evw_unit-lz-erwitte","evw_unit-lz-horn-millinghausen","entry"],"_links":{"self":[{"href":"https:\/\/www.feuerwehr-erwitte.de\/index.php\/wp-json\/wp\/v2\/einsatz\/5060","targetHints":{"allow":["GET"]}}],"collection":[{"href":"https:\/\/www.feuerwehr-erwitte.de\/index.php\/wp-json\/wp\/v2\/einsatz"}],"about":[{"href":"https:\/\/www.feuerwehr-erwitte.de\/index.php\/wp-json\/wp\/v2\/types\/einsatz"}],"author":[{"embeddable":true,"href":"https:\/\/www.feuerwehr-erwitte.de\/index.php\/wp-json\/wp\/v2\/users\/5"}],"version-history":[{"count":2,"href":"https:\/\/www.feuerwehr-erwitte.de\/index.php\/wp-json\/wp\/v2\/einsatz\/5060\/revisions"}],"predecessor-version":[{"id":5083,"href":"https:\/\/www.feuerwehr-erwitte.de\/index.php\/wp-json\/wp\/v2\/einsatz\/5060\/revisions\/5083"}],"wp:attachment":[{"href":"https:\/\/www.feuerwehr-erwitte.de\/index.php\/wp-json\/wp\/v2\/media?parent=5060"}],"wp:term":[{"taxonomy":"category","embeddable":true,"href":"https:\/\/www.feuerwehr-erwitte.de\/index.php\/wp-json\/wp\/v2\/categories?post=5060"},{"taxonomy":"einsatzart","embeddable":true,"href":"https:\/\/www.feuerwehr-erwitte.de\/index.php\/wp-json\/wp\/v2\/einsatzart?post=5060"},{"taxonomy":"fahrzeug","embeddable":true,"href":"https:\/\/www.feuerwehr-erwitte.de\/index.php\/wp-json\/wp\/v2\/fahrzeug?post=5060"},{"taxonomy":"exteinsatzmittel","embeddable":true,"href":"https:\/\/www.feuerwehr-erwitte.de\/index.php\/wp-json\/wp\/v2\/exteinsatzmittel?post=5060"},{"taxonomy":"alarmierungsart","embeddable":true,"href":"https:\/\/www.feuerwehr-erwitte.de\/index.php\/wp-json\/wp\/v2\/alarmierungsart?post=5060"},{"taxonomy":"evw_unit","embeddable":true,"href":"https:\/\/www.feuerwehr-erwitte.de\/index.php\/wp-json\/wp\/v2\/evw_unit?post=5060"}],"curies":[{"name":"wp","href":"https:\/\/api.w.org\/{rel}","templated":true}]}}