{"id":57,"date":"2019-06-20T16:22:09","date_gmt":"2019-06-20T16:22:09","guid":{"rendered":"http:\/\/feuerwehr-erwitte.de\/?page_id=57"},"modified":"2026-02-24T08:27:13","modified_gmt":"2026-02-24T07:27:13","slug":"loeschzug-horn-millinghausen","status":"publish","type":"page","link":"https:\/\/www.feuerwehr-erwitte.de\/index.php\/loeschzug-horn-millinghausen\/","title":{"rendered":"L\u00f6schzug Horn-Millinghausen"},"content":{"rendered":"\t\t<div data-elementor-type=\"wp-page\" data-elementor-id=\"57\" class=\"elementor elementor-57\">\n\t\t\t\t\t\t<section class=\"elementor-section elementor-top-section elementor-element elementor-element-adf4dfb elementor-section-boxed elementor-section-height-default elementor-section-height-default\" data-id=\"adf4dfb\" data-element_type=\"section\" data-e-type=\"section\">\n\t\t\t\t\t\t<div class=\"elementor-container elementor-column-gap-default\">\n\t\t\t\t\t<div class=\"elementor-column elementor-col-100 elementor-top-column elementor-element elementor-element-a2867e6\" data-id=\"a2867e6\" data-element_type=\"column\" data-e-type=\"column\">\n\t\t\t<div class=\"elementor-widget-wrap elementor-element-populated\">\n\t\t\t\t\t\t<div class=\"elementor-element elementor-element-18234a3 elementor-widget elementor-widget-heading\" data-id=\"18234a3\" data-element_type=\"widget\" data-e-type=\"widget\" data-widget_type=\"heading.default\">\n\t\t\t\t<div class=\"elementor-widget-container\">\n\t\t\t\t\t<h1 class=\"elementor-heading-title elementor-size-xxl\">L\u00f6schzug Horn-Millinghausen<\/h1>\t\t\t\t<\/div>\n\t\t\t\t<\/div>\n\t\t\t\t\t<\/div>\n\t\t<\/div>\n\t\t\t\t\t<\/div>\n\t\t<\/section>\n\t\t\t\t<section class=\"elementor-section elementor-top-section elementor-element elementor-element-480e33c elementor-section-boxed elementor-section-height-default elementor-section-height-default\" data-id=\"480e33c\" data-element_type=\"section\" data-e-type=\"section\">\n\t\t\t\t\t\t<div class=\"elementor-container elementor-column-gap-default\">\n\t\t\t\t\t<div class=\"elementor-column elementor-col-100 elementor-top-column elementor-element elementor-element-13253b6\" data-id=\"13253b6\" data-element_type=\"column\" data-e-type=\"column\">\n\t\t\t<div class=\"elementor-widget-wrap\">\n\t\t\t\t\t\t\t<\/div>\n\t\t<\/div>\n\t\t\t\t\t<\/div>\n\t\t<\/section>\n\t\t\t\t<section class=\"elementor-section elementor-top-section elementor-element elementor-element-2946eed elementor-section-boxed elementor-section-height-default elementor-section-height-default\" data-id=\"2946eed\" data-element_type=\"section\" data-e-type=\"section\" data-settings=\"{&quot;background_background&quot;:&quot;classic&quot;}\">\n\t\t\t\t\t\t<div class=\"elementor-container elementor-column-gap-default\">\n\t\t\t\t\t<div class=\"elementor-column elementor-col-33 elementor-top-column elementor-element elementor-element-4c6b668\" data-id=\"4c6b668\" data-element_type=\"column\" data-e-type=\"column\">\n\t\t\t<div class=\"elementor-widget-wrap elementor-element-populated\">\n\t\t\t\t\t\t<div class=\"elementor-element elementor-element-9d79777 elementor-widget elementor-widget-counter\" data-id=\"9d79777\" data-element_type=\"widget\" data-e-type=\"widget\" data-widget_type=\"counter.default\">\n\t\t\t\t<div class=\"elementor-widget-container\">\n\t\t\t\t\t\t\t<div class=\"elementor-counter\">\n\t\t\t<div class=\"elementor-counter-title\">Gr\u00fcndungsjahr<\/div>\t\t\t<div class=\"elementor-counter-number-wrapper\">\n\t\t\t\t<span class=\"elementor-counter-number-prefix\"><\/span>\n\t\t\t\t<span class=\"elementor-counter-number\" data-duration=\"2000\" data-to-value=\"1911\" data-from-value=\"0\">0<\/span>\n\t\t\t\t<span class=\"elementor-counter-number-suffix\"><\/span>\n\t\t\t<\/div>\n\t\t<\/div>\n\t\t\t\t\t\t<\/div>\n\t\t\t\t<\/div>\n\t\t\t\t\t<\/div>\n\t\t<\/div>\n\t\t\t\t<div class=\"elementor-column elementor-col-33 elementor-top-column elementor-element elementor-element-8dca9f8\" data-id=\"8dca9f8\" data-element_type=\"column\" data-e-type=\"column\">\n\t\t\t<div class=\"elementor-widget-wrap elementor-element-populated\">\n\t\t\t\t\t\t<div class=\"elementor-element elementor-element-b4233c3 elementor-widget elementor-widget-counter\" data-id=\"b4233c3\" data-element_type=\"widget\" data-e-type=\"widget\" data-widget_type=\"counter.default\">\n\t\t\t\t<div class=\"elementor-widget-container\">\n\t\t\t\t\t\t\t<div class=\"elementor-counter\">\n\t\t\t<div class=\"elementor-counter-title\">Mitglieder<\/div>\t\t\t<div class=\"elementor-counter-number-wrapper\">\n\t\t\t\t<span class=\"elementor-counter-number-prefix\"><\/span>\n\t\t\t\t<span class=\"elementor-counter-number\" data-duration=\"2000\" data-to-value=\"30\" data-from-value=\"0\" data-delimiter=\",\">0<\/span>\n\t\t\t\t<span class=\"elementor-counter-number-suffix\"><\/span>\n\t\t\t<\/div>\n\t\t<\/div>\n\t\t\t\t\t\t<\/div>\n\t\t\t\t<\/div>\n\t\t\t\t\t<\/div>\n\t\t<\/div>\n\t\t\t\t<div class=\"elementor-column elementor-col-33 elementor-top-column elementor-element elementor-element-6d54f4f\" data-id=\"6d54f4f\" data-element_type=\"column\" data-e-type=\"column\">\n\t\t\t<div class=\"elementor-widget-wrap elementor-element-populated\">\n\t\t\t\t\t\t<div class=\"elementor-element elementor-element-fadcd23 elementor-widget elementor-widget-counter\" data-id=\"fadcd23\" data-element_type=\"widget\" data-e-type=\"widget\" data-widget_type=\"counter.default\">\n\t\t\t\t<div class=\"elementor-widget-container\">\n\t\t\t\t\t\t\t<div class=\"elementor-counter\">\n\t\t\t<div class=\"elementor-counter-title\">Fahrzeuge<\/div>\t\t\t<div class=\"elementor-counter-number-wrapper\">\n\t\t\t\t<span class=\"elementor-counter-number-prefix\"><\/span>\n\t\t\t\t<span class=\"elementor-counter-number\" data-duration=\"2000\" data-to-value=\"2\" data-from-value=\"0\" data-delimiter=\",\">0<\/span>\n\t\t\t\t<span class=\"elementor-counter-number-suffix\"><\/span>\n\t\t\t<\/div>\n\t\t<\/div>\n\t\t\t\t\t\t<\/div>\n\t\t\t\t<\/div>\n\t\t\t\t\t<\/div>\n\t\t<\/div>\n\t\t\t\t\t<\/div>\n\t\t<\/section>\n\t\t\t\t<section class=\"elementor-section elementor-top-section elementor-element elementor-element-19f07b4 elementor-section-boxed elementor-section-height-default elementor-section-height-default\" data-id=\"19f07b4\" data-element_type=\"section\" data-e-type=\"section\">\n\t\t\t\t\t\t<div class=\"elementor-container elementor-column-gap-default\">\n\t\t\t\t\t<div class=\"elementor-column elementor-col-100 elementor-top-column elementor-element elementor-element-0068480\" data-id=\"0068480\" data-element_type=\"column\" data-e-type=\"column\">\n\t\t\t<div class=\"elementor-widget-wrap elementor-element-populated\">\n\t\t\t\t\t\t<div class=\"elementor-element elementor-element-ef60b70 elementor-widget elementor-widget-image\" data-id=\"ef60b70\" data-element_type=\"widget\" data-e-type=\"widget\" data-widget_type=\"image.default\">\n\t\t\t\t<div class=\"elementor-widget-container\">\n\t\t\t\t\t\t\t\t\t\t\t\t\t\t\t<img fetchpriority=\"high\" decoding=\"async\" width=\"2560\" height=\"1920\" src=\"https:\/\/www.feuerwehr-erwitte.de\/wp-content\/uploads\/2026\/02\/Zug-4-sehr-gross-scaled.jpg\" class=\"attachment-full size-full wp-image-6080\" alt=\"\" srcset=\"https:\/\/www.feuerwehr-erwitte.de\/wp-content\/uploads\/2026\/02\/Zug-4-sehr-gross-scaled.jpg 2560w, https:\/\/www.feuerwehr-erwitte.de\/wp-content\/uploads\/2026\/02\/Zug-4-sehr-gross-150x113.jpg 150w, https:\/\/www.feuerwehr-erwitte.de\/wp-content\/uploads\/2026\/02\/Zug-4-sehr-gross-300x225.jpg 300w, https:\/\/www.feuerwehr-erwitte.de\/wp-content\/uploads\/2026\/02\/Zug-4-sehr-gross-768x576.jpg 768w, https:\/\/www.feuerwehr-erwitte.de\/wp-content\/uploads\/2026\/02\/Zug-4-sehr-gross-1536x1152.jpg 1536w, https:\/\/www.feuerwehr-erwitte.de\/wp-content\/uploads\/2026\/02\/Zug-4-sehr-gross-2048x1536.jpg 2048w\" sizes=\"(max-width: 2560px) 100vw, 2560px\" \/>\t\t\t\t\t\t\t\t\t\t\t\t\t\t\t<\/div>\n\t\t\t\t<\/div>\n\t\t\t\t<div class=\"elementor-element elementor-element-294f91d elementor-widget elementor-widget-spacer\" data-id=\"294f91d\" data-element_type=\"widget\" data-e-type=\"widget\" data-widget_type=\"spacer.default\">\n\t\t\t\t<div class=\"elementor-widget-container\">\n\t\t\t\t\t\t\t<div class=\"elementor-spacer\">\n\t\t\t<div class=\"elementor-spacer-inner\"><\/div>\n\t\t<\/div>\n\t\t\t\t\t\t<\/div>\n\t\t\t\t<\/div>\n\t\t\t\t\t<\/div>\n\t\t<\/div>\n\t\t\t\t\t<\/div>\n\t\t<\/section>\n\t\t\t\t<section class=\"elementor-section elementor-top-section elementor-element elementor-element-32d13ba elementor-section-boxed elementor-section-height-default elementor-section-height-default\" data-id=\"32d13ba\" data-element_type=\"section\" data-e-type=\"section\">\n\t\t\t\t\t\t<div class=\"elementor-container elementor-column-gap-default\">\n\t\t\t\t\t<div class=\"elementor-column elementor-col-33 elementor-top-column elementor-element elementor-element-04b4269\" data-id=\"04b4269\" data-element_type=\"column\" data-e-type=\"column\">\n\t\t\t<div class=\"elementor-widget-wrap elementor-element-populated\">\n\t\t\t\t\t\t<div class=\"elementor-element elementor-element-5d57298 elementor-widget elementor-widget-heading\" data-id=\"5d57298\" data-element_type=\"widget\" data-e-type=\"widget\" data-widget_type=\"heading.default\">\n\t\t\t\t<div class=\"elementor-widget-container\">\n\t\t\t\t\t<h1 class=\"elementor-heading-title elementor-size-default\"><span style=\"margin-bottom: 20px;line-height: 1.2;font-family: Roboto, sans-serif;font-size: 17px;font-style: normal;font-weight: 600\">L\u00f6schzugf\u00fchrer<\/span><span style=\"margin-bottom: 20px;line-height: 1.2;font-family: Roboto, sans-serif;font-size: 17px;font-style: normal;font-weight: 600;text-align: start\"><br>BOI Dominic Kirchhoff<\/span><span style=\"color: var( --e-global-color-primary );font-family: var( --e-global-typography-primary-font-family ), Sans-serif;font-size: 23px\"><\/span><\/h1>\t\t\t\t<\/div>\n\t\t\t\t<\/div>\n\t\t\t\t\t<\/div>\n\t\t<\/div>\n\t\t\t\t<div class=\"elementor-column elementor-col-33 elementor-top-column elementor-element elementor-element-39bd9b7\" data-id=\"39bd9b7\" data-element_type=\"column\" data-e-type=\"column\">\n\t\t\t<div class=\"elementor-widget-wrap elementor-element-populated\">\n\t\t\t\t\t\t<div class=\"elementor-element elementor-element-93f921b elementor-widget elementor-widget-heading\" data-id=\"93f921b\" data-element_type=\"widget\" data-e-type=\"widget\" data-widget_type=\"heading.default\">\n\t\t\t\t<div class=\"elementor-widget-container\">\n\t\t\t\t\t<h1 class=\"elementor-heading-title elementor-size-default\"><span style=\"font-family: Roboto, sans-serif;font-size: 17px;font-style: normal;font-weight: 600\">StV. L\u00f6schzugf\u00fchrer<\/span><span style=\"margin-bottom: 20px;line-height: 1.2;font-family: Roboto, sans-serif;font-size: 17px;font-style: normal;font-weight: 600;text-align: start\"><br>UBM Ralf Kleegraf<\/span><span style=\"color: var( --e-global-color-primary );font-family: var( --e-global-typography-primary-font-family ), Sans-serif;font-size: 23px\"><\/span><\/h1>\t\t\t\t<\/div>\n\t\t\t\t<\/div>\n\t\t\t\t\t<\/div>\n\t\t<\/div>\n\t\t\t\t<div class=\"elementor-column elementor-col-33 elementor-top-column elementor-element elementor-element-01eca05\" data-id=\"01eca05\" data-element_type=\"column\" data-e-type=\"column\">\n\t\t\t<div class=\"elementor-widget-wrap elementor-element-populated\">\n\t\t\t\t\t\t<div class=\"elementor-element elementor-element-49e02b1 elementor-widget elementor-widget-heading\" data-id=\"49e02b1\" data-element_type=\"widget\" data-e-type=\"widget\" data-widget_type=\"heading.default\">\n\t\t\t\t<div class=\"elementor-widget-container\">\n\t\t\t\t\t<h1 class=\"elementor-heading-title elementor-size-default\"><span style=\"font-family: Roboto, sans-serif;font-size: 17px;font-style: normal;font-weight: 600\">StV. L\u00f6schzugf\u00fchrerin<\/span><br><span style=\"margin-bottom: 20px;line-height: 1.2;font-family: Roboto, sans-serif;font-size: 17px;font-style: normal;font-weight: 600;text-align: start\">UBM Anika Kirchhoff<\/span><\/h1>\t\t\t\t<\/div>\n\t\t\t\t<\/div>\n\t\t\t\t\t<\/div>\n\t\t<\/div>\n\t\t\t\t\t<\/div>\n\t\t<\/section>\n\t\t\t\t<section class=\"elementor-section elementor-top-section elementor-element elementor-element-048e910 elementor-section-boxed elementor-section-height-default elementor-section-height-default\" data-id=\"048e910\" data-element_type=\"section\" data-e-type=\"section\">\n\t\t\t\t\t\t<div class=\"elementor-container elementor-column-gap-default\">\n\t\t\t\t\t<div class=\"elementor-column elementor-col-100 elementor-top-column elementor-element elementor-element-4f2a364\" data-id=\"4f2a364\" data-element_type=\"column\" data-e-type=\"column\">\n\t\t\t<div class=\"elementor-widget-wrap elementor-element-populated\">\n\t\t\t\t\t\t<div class=\"elementor-element elementor-element-cc70186 elementor-widget elementor-widget-spacer\" data-id=\"cc70186\" data-element_type=\"widget\" data-e-type=\"widget\" data-widget_type=\"spacer.default\">\n\t\t\t\t<div class=\"elementor-widget-container\">\n\t\t\t\t\t\t\t<div class=\"elementor-spacer\">\n\t\t\t<div class=\"elementor-spacer-inner\"><\/div>\n\t\t<\/div>\n\t\t\t\t\t\t<\/div>\n\t\t\t\t<\/div>\n\t\t\t\t\t<\/div>\n\t\t<\/div>\n\t\t\t\t\t<\/div>\n\t\t<\/section>\n\t\t\t\t<section class=\"elementor-section elementor-top-section elementor-element elementor-element-da670f7 elementor-section-boxed elementor-section-height-default elementor-section-height-default\" data-id=\"da670f7\" data-element_type=\"section\" data-e-type=\"section\">\n\t\t\t\t\t\t<div class=\"elementor-container elementor-column-gap-default\">\n\t\t\t\t\t<div class=\"elementor-column elementor-col-100 elementor-top-column elementor-element elementor-element-3cbf1bb\" data-id=\"3cbf1bb\" data-element_type=\"column\" data-e-type=\"column\">\n\t\t\t<div class=\"elementor-widget-wrap elementor-element-populated\">\n\t\t\t\t\t\t<div class=\"elementor-element elementor-element-2b2c539 elementor-widget elementor-widget-text-editor\" data-id=\"2b2c539\" data-element_type=\"widget\" data-e-type=\"widget\" data-widget_type=\"text-editor.default\">\n\t\t\t\t<div class=\"elementor-widget-container\">\n\t\t\t\t\t\t\t\t\t<h4>Fahrzeuge<\/h4>\t\t\t\t\t\t\t\t<\/div>\n\t\t\t\t<\/div>\n\t\t\t\t\t<\/div>\n\t\t<\/div>\n\t\t\t\t\t<\/div>\n\t\t<\/section>\n\t\t\t\t<section class=\"elementor-section elementor-top-section elementor-element elementor-element-0b240b0 elementor-section-boxed elementor-section-height-default elementor-section-height-default\" data-id=\"0b240b0\" data-element_type=\"section\" data-e-type=\"section\">\n\t\t\t\t\t\t<div class=\"elementor-container elementor-column-gap-default\">\n\t\t\t\t\t<div class=\"elementor-column elementor-col-50 elementor-top-column elementor-element elementor-element-528fa99\" data-id=\"528fa99\" data-element_type=\"column\" data-e-type=\"column\">\n\t\t\t<div class=\"elementor-widget-wrap elementor-element-populated\">\n\t\t\t\t\t\t<div class=\"elementor-element elementor-element-50ef82f elementor-widget elementor-widget-text-editor\" data-id=\"50ef82f\" data-element_type=\"widget\" data-e-type=\"widget\" data-widget_type=\"text-editor.default\">\n\t\t\t\t<div class=\"elementor-widget-container\">\n\t\t\t\t\t\t\t\t\t<h4><span style=\"color: #7a7a7a; font-family: Roboto; font-size: 14px; font-style: normal; font-variant-ligatures: normal; font-variant-caps: normal; font-weight: 600;\">Hilfeleistungsl\u00f6schfahrzeug (HLF)<\/span><\/h4>\t\t\t\t\t\t\t\t<\/div>\n\t\t\t\t<\/div>\n\t\t\t\t<div class=\"elementor-element elementor-element-a248d4a elementor-widget elementor-widget-shortcode\" data-id=\"a248d4a\" data-element_type=\"widget\" data-e-type=\"widget\" data-widget_type=\"shortcode.default\">\n\t\t\t\t<div class=\"elementor-widget-container\">\n\t\t\t\t\t\t\t<div class=\"elementor-shortcode\">\n<table id=\"tablepress-hlf20-1_hornmillinghausen\" class=\"tablepress tablepress-id-hlf20-1_hornmillinghausen\">\n<tbody class=\"row-striping row-hover\">\n<tr class=\"row-1\">\n\t<td class=\"column-1\">Funkrufname<\/td><td class=\"column-2\">Florian Erwitte 4 HLF 20-1<\/td>\n<\/tr>\n<tr class=\"row-2\">\n\t<td class=\"column-1\">Fahrgestell<\/td><td class=\"column-2\">MAN TGM 15.290<\/td>\n<\/tr>\n<tr class=\"row-3\">\n\t<td class=\"column-1\">Aufbau<\/td><td class=\"column-2\">Rosenbauer<\/td>\n<\/tr>\n<tr class=\"row-4\">\n\t<td class=\"column-1\">Motorleistung<\/td><td class=\"column-2\">290 PS<\/td>\n<\/tr>\n<tr class=\"row-5\">\n\t<td class=\"column-1\">Baujahr<\/td><td class=\"column-2\">2013<\/td>\n<\/tr>\n<tr class=\"row-6\">\n\t<td class=\"column-1\">Zul. Gesamtgewicht<\/td><td class=\"column-2\">15 t<\/td>\n<\/tr>\n<tr class=\"row-7\">\n\t<td class=\"column-1\">L\u00f6schwassermenge<\/td><td class=\"column-2\">2.400 Ltr.<\/td>\n<\/tr>\n<tr class=\"row-8\">\n\t<td class=\"column-1\">Schaummittelmenge<\/td><td class=\"column-2\">200 Ltr.<\/td>\n<\/tr>\n<tr class=\"row-9\">\n\t<td class=\"column-1\">Ausstattung<\/td><td class=\"column-2\">Schaummittelzumischanlage<br \/>\nSchaumwasserwerfer<br \/>\nStromerzeuger (14 kVA)<br \/>\n\u00dcberdruckbel\u00fcfter<br \/>\nHebekissensatz<br \/>\nSchleifkorbtrage<br \/>\nSchmutzwasserpumpe<br \/>\nW\u00e4rmebildkamera<\/td>\n<\/tr>\n<\/tbody>\n<\/table>\n<!-- #tablepress-hlf20-1_hornmillinghausen from cache --><\/div>\n\t\t\t\t\t\t<\/div>\n\t\t\t\t<\/div>\n\t\t\t\t\t<\/div>\n\t\t<\/div>\n\t\t\t\t<div class=\"elementor-column elementor-col-50 elementor-top-column elementor-element elementor-element-2310b40\" data-id=\"2310b40\" data-element_type=\"column\" data-e-type=\"column\">\n\t\t\t<div class=\"elementor-widget-wrap elementor-element-populated\">\n\t\t\t\t\t\t<div class=\"elementor-element elementor-element-ec1cb37 elementor-widget elementor-widget-image\" data-id=\"ec1cb37\" data-element_type=\"widget\" data-e-type=\"widget\" data-widget_type=\"image.default\">\n\t\t\t\t<div class=\"elementor-widget-container\">\n\t\t\t\t\t\t\t\t\t\t\t\t\t\t\t<img decoding=\"async\" width=\"2345\" height=\"1761\" src=\"https:\/\/www.feuerwehr-erwitte.de\/wp-content\/uploads\/2026\/02\/4-HLF20-1-seitlich-gross.jpg\" class=\"attachment-full size-full wp-image-6081\" alt=\"\" srcset=\"https:\/\/www.feuerwehr-erwitte.de\/wp-content\/uploads\/2026\/02\/4-HLF20-1-seitlich-gross.jpg 2345w, https:\/\/www.feuerwehr-erwitte.de\/wp-content\/uploads\/2026\/02\/4-HLF20-1-seitlich-gross-150x113.jpg 150w, https:\/\/www.feuerwehr-erwitte.de\/wp-content\/uploads\/2026\/02\/4-HLF20-1-seitlich-gross-300x225.jpg 300w, https:\/\/www.feuerwehr-erwitte.de\/wp-content\/uploads\/2026\/02\/4-HLF20-1-seitlich-gross-768x577.jpg 768w, https:\/\/www.feuerwehr-erwitte.de\/wp-content\/uploads\/2026\/02\/4-HLF20-1-seitlich-gross-1536x1153.jpg 1536w, https:\/\/www.feuerwehr-erwitte.de\/wp-content\/uploads\/2026\/02\/4-HLF20-1-seitlich-gross-2048x1538.jpg 2048w\" sizes=\"(max-width: 2345px) 100vw, 2345px\" \/>\t\t\t\t\t\t\t\t\t\t\t\t\t\t\t<\/div>\n\t\t\t\t<\/div>\n\t\t\t\t\t<\/div>\n\t\t<\/div>\n\t\t\t\t\t<\/div>\n\t\t<\/section>\n\t\t\t\t<section class=\"elementor-section elementor-top-section elementor-element elementor-element-711acda elementor-section-boxed elementor-section-height-default elementor-section-height-default\" data-id=\"711acda\" data-element_type=\"section\" data-e-type=\"section\">\n\t\t\t\t\t\t<div class=\"elementor-container elementor-column-gap-default\">\n\t\t\t\t\t<div class=\"elementor-column elementor-col-50 elementor-top-column elementor-element elementor-element-39b4263\" data-id=\"39b4263\" data-element_type=\"column\" data-e-type=\"column\">\n\t\t\t<div class=\"elementor-widget-wrap elementor-element-populated\">\n\t\t\t\t\t\t<div class=\"elementor-element elementor-element-45ab876 elementor-widget elementor-widget-text-editor\" data-id=\"45ab876\" data-element_type=\"widget\" data-e-type=\"widget\" data-widget_type=\"text-editor.default\">\n\t\t\t\t<div class=\"elementor-widget-container\">\n\t\t\t\t\t\t\t\t\t<p><span style=\"font-variant-ligatures: normal; font-variant-caps: normal; font-family: Roboto; font-size: 14px; font-style: normal; font-weight: 600;\">L\u00f6schfahrzeug (LF)<br><\/span><\/p>\t\t\t\t\t\t\t\t<\/div>\n\t\t\t\t<\/div>\n\t\t\t\t<div class=\"elementor-element elementor-element-cea5425 elementor-widget elementor-widget-shortcode\" data-id=\"cea5425\" data-element_type=\"widget\" data-e-type=\"widget\" data-widget_type=\"shortcode.default\">\n\t\t\t\t<div class=\"elementor-widget-container\">\n\t\t\t\t\t\t\t<div class=\"elementor-shortcode\">\n<table id=\"tablepress-lf10-1_hornmillinghausen\" class=\"tablepress tablepress-id-lf10-1_hornmillinghausen\">\n<tbody class=\"row-striping row-hover\">\n<tr class=\"row-1\">\n\t<td class=\"column-1\">Funkrufname<\/td><td class=\"column-2\">Florian Erwitte 4 LF 10-1<\/td>\n<\/tr>\n<tr class=\"row-2\">\n\t<td class=\"column-1\">Fahrgestell<\/td><td class=\"column-2\">Renault<\/td>\n<\/tr>\n<tr class=\"row-3\">\n\t<td class=\"column-1\">Aufbau<\/td><td class=\"column-2\">ADIK<\/td>\n<\/tr>\n<tr class=\"row-4\">\n\t<td class=\"column-1\">Motorleistung<\/td><td class=\"column-2\">150 PS<\/td>\n<\/tr>\n<tr class=\"row-5\">\n\t<td class=\"column-1\">Baujahr<\/td><td class=\"column-2\">2006<\/td>\n<\/tr>\n<tr class=\"row-6\">\n\t<td class=\"column-1\">Zul. Gesamtgewicht<\/td><td class=\"column-2\">7,5 t<\/td>\n<\/tr>\n<tr class=\"row-7\">\n\t<td class=\"column-1\">L\u00f6schwassermenge<\/td><td class=\"column-2\">800 Ltr.<\/td>\n<\/tr>\n<tr class=\"row-8\">\n\t<td class=\"column-1\">Schaummittelmenge<\/td><td class=\"column-2\">60 Ltr.<\/td>\n<\/tr>\n<tr class=\"row-9\">\n\t<td class=\"column-1\">Ausstattung<\/td><td class=\"column-2\">Stromerzeuger (9,5 kVA)<br \/>\nSchmutzwasserpumpe<\/td>\n<\/tr>\n<\/tbody>\n<\/table>\n<!-- #tablepress-lf10-1_hornmillinghausen from cache --><\/div>\n\t\t\t\t\t\t<\/div>\n\t\t\t\t<\/div>\n\t\t\t\t\t<\/div>\n\t\t<\/div>\n\t\t\t\t<div class=\"elementor-column elementor-col-50 elementor-top-column elementor-element elementor-element-33f9b27\" data-id=\"33f9b27\" data-element_type=\"column\" data-e-type=\"column\">\n\t\t\t<div class=\"elementor-widget-wrap elementor-element-populated\">\n\t\t\t\t\t\t<div class=\"elementor-element elementor-element-13d4a42 elementor-widget elementor-widget-image\" data-id=\"13d4a42\" data-element_type=\"widget\" data-e-type=\"widget\" data-widget_type=\"image.default\">\n\t\t\t\t<div class=\"elementor-widget-container\">\n\t\t\t\t\t\t\t\t\t\t\t\t\t\t\t<img decoding=\"async\" width=\"1992\" height=\"1496\" src=\"https:\/\/www.feuerwehr-erwitte.de\/wp-content\/uploads\/2026\/02\/4-LF10-1-seitlich-gross.jpg\" class=\"attachment-full size-full wp-image-6082\" alt=\"\" srcset=\"https:\/\/www.feuerwehr-erwitte.de\/wp-content\/uploads\/2026\/02\/4-LF10-1-seitlich-gross.jpg 1992w, https:\/\/www.feuerwehr-erwitte.de\/wp-content\/uploads\/2026\/02\/4-LF10-1-seitlich-gross-150x113.jpg 150w, https:\/\/www.feuerwehr-erwitte.de\/wp-content\/uploads\/2026\/02\/4-LF10-1-seitlich-gross-300x225.jpg 300w, https:\/\/www.feuerwehr-erwitte.de\/wp-content\/uploads\/2026\/02\/4-LF10-1-seitlich-gross-768x577.jpg 768w, https:\/\/www.feuerwehr-erwitte.de\/wp-content\/uploads\/2026\/02\/4-LF10-1-seitlich-gross-1536x1154.jpg 1536w\" sizes=\"(max-width: 1992px) 100vw, 1992px\" \/>\t\t\t\t\t\t\t\t\t\t\t\t\t\t\t<\/div>\n\t\t\t\t<\/div>\n\t\t\t\t\t<\/div>\n\t\t<\/div>\n\t\t\t\t\t<\/div>\n\t\t<\/section>\n\t\t\t\t<section class=\"elementor-section elementor-top-section elementor-element elementor-element-0146e9e elementor-section-boxed elementor-section-height-default elementor-section-height-default\" data-id=\"0146e9e\" data-element_type=\"section\" data-e-type=\"section\">\n\t\t\t\t\t\t<div class=\"elementor-container elementor-column-gap-default\">\n\t\t\t\t\t<div class=\"elementor-column elementor-col-100 elementor-top-column elementor-element elementor-element-c789d79\" data-id=\"c789d79\" data-element_type=\"column\" data-e-type=\"column\">\n\t\t\t<div class=\"elementor-widget-wrap elementor-element-populated\">\n\t\t\t\t\t\t<div class=\"elementor-element elementor-element-e365744 elementor-widget elementor-widget-spacer\" data-id=\"e365744\" data-element_type=\"widget\" data-e-type=\"widget\" data-widget_type=\"spacer.default\">\n\t\t\t\t<div class=\"elementor-widget-container\">\n\t\t\t\t\t\t\t<div class=\"elementor-spacer\">\n\t\t\t<div class=\"elementor-spacer-inner\"><\/div>\n\t\t<\/div>\n\t\t\t\t\t\t<\/div>\n\t\t\t\t<\/div>\n\t\t\t\t\t<\/div>\n\t\t<\/div>\n\t\t\t\t\t<\/div>\n\t\t<\/section>\n\t\t\t\t<section class=\"elementor-section elementor-top-section elementor-element elementor-element-4fbc876 elementor-section-boxed elementor-section-height-default elementor-section-height-default\" data-id=\"4fbc876\" data-element_type=\"section\" data-e-type=\"section\" data-settings=\"{&quot;background_background&quot;:&quot;classic&quot;}\">\n\t\t\t\t\t\t<div class=\"elementor-container elementor-column-gap-default\">\n\t\t\t\t\t<div class=\"elementor-column elementor-col-100 elementor-top-column elementor-element elementor-element-9f907c5\" data-id=\"9f907c5\" data-element_type=\"column\" data-e-type=\"column\">\n\t\t\t<div class=\"elementor-widget-wrap elementor-element-populated\">\n\t\t\t\t\t\t<div class=\"elementor-element elementor-element-74fb8f4 elementor-widget elementor-widget-lae-posts-carousel\" data-id=\"74fb8f4\" data-element_type=\"widget\" data-e-type=\"widget\" data-widget_type=\"lae-posts-carousel.default\">\n\t\t\t\t<div class=\"elementor-widget-container\">\n\t\t\t\t\t\n<div        id=\"lae-posts-carousel-69f07fc693eaa\"\n        class=\"lae-posts-carousel lae-container lae-classic-skin\"\n        data-settings='{&quot;arrows&quot;:true,&quot;dots&quot;:false,&quot;autoplay&quot;:false,&quot;autoplay_speed&quot;:3000,&quot;animation_speed&quot;:300,&quot;pause_on_hover&quot;:true,&quot;adaptive_height&quot;:false,&quot;display_columns&quot;:3,&quot;scroll_columns&quot;:3,&quot;gutter&quot;:10,&quot;tablet_width&quot;:800,&quot;tablet_display_columns&quot;:2,&quot;tablet_scroll_columns&quot;:2,&quot;tablet_gutter&quot;:10,&quot;mobile_width&quot;:480,&quot;mobile_display_columns&quot;:1,&quot;mobile_scroll_columns&quot;:1,&quot;mobile_gutter&quot;:10}'>\n<div data-id=\"id-6199\" class=\"lae-posts-carousel-item\">\n\n    <article id=\"post-6199\" class=\"post-6199 post type-post status-publish format-standard hentry category-kein-einsatzbeitrag category-loeschgruppe-boeckum-norddorf category-loeschgruppe-horn-millinghausen category-loeschgruppe-schallern category-loeschgruppe-schmerlecke category-loeschgruppe-stirpe category-loeschgruppe-voellinghausen category-loeschzug-bad-westernkotten category-loeschzug-erwitte entry\">\n\n        \n            \n            \n            \n            \n                <div class=\"lae-entry-text-wrap  nothumbnail\">\n\n                    \n                        <h3 class=\"entry-title\">\n\n                            <a href=\"https:\/\/www.feuerwehr-erwitte.de\/index.php\/2026\/02\/13\/rauchmelder-retten-leben\/\" title=\"Rauchmelder retten Leben\"\n                               rel=\"bookmark\">Rauchmelder retten Leben<\/a>\n\n                        <\/h3>\n\n                    \n                    \n                    \n                        <div class=\"entry-summary\">\n\n                            Heute startet unser dreiteiliger Beitrag zum Tag des Rauchmelders. Dieser findet an jedem Freitag den 13. statt und somit dieses Jahr gleich drei Mal (Feb.\/M\u00e4r.\/Nov.). Br\u00e4nde passieren oft nachts \u2013 wenn wir schlafen und den gef\u00e4hrlichen Brandrauch nicht bemerken. Nicht das Feuer ist die gr\u00f6\u00dfte Gefahr, sondern der Rauch. Er breitet sich lautlos aus und [&hellip;]\n                        <\/div>\n\n                    \n                    \n                <\/div>\n\n            \n        \n    <\/article><!-- .hentry -->\n\n<\/div><!-- .lae-posts-carousel-item -->\n<div data-id=\"id-6173\" class=\"lae-posts-carousel-item\">\n\n    <article id=\"post-6173\" class=\"post-6173 post type-post status-publish format-standard hentry category-kein-einsatzbeitrag category-loeschgruppe-horn-millinghausen category-uncategorized entry\">\n\n        \n            \n            \n            \n            \n                <div class=\"lae-entry-text-wrap  nothumbnail\">\n\n                    \n                        <h3 class=\"entry-title\">\n\n                            <a href=\"https:\/\/www.feuerwehr-erwitte.de\/index.php\/2026\/01\/12\/generalversammlung-loeschzug-horn-millinghausen\/\" title=\"Generalversammlung &#8211; L\u00f6schzug Horn &#8211; Millinghausen\"\n                               rel=\"bookmark\">Generalversammlung &#8211; L\u00f6schzug Horn &#8211; Millinghausen<\/a>\n\n                        <\/h3>\n\n                    \n                    \n                    \n                        <div class=\"entry-summary\">\n\n                            Am vergangenen Samstag den 10.01.2026 fand im Horner Treff die diesj\u00e4hrige Generalversammlung des L\u00f6schzuges Horn &#8211; Millinghausen statt. Ein gelungener Abend mit tollen Auszeichnungen und wichtigen Entscheidungen. Mit nachfolgenden Punkten hat sich der L\u00f6schzug Horn &#8211; Millinghausen befasst: * R\u00fcckblick auf das vergangene Jahr mit einem ausf\u00fchrlichen Protokoll von unserem Schriftf\u00fchrer Ralf Johanterwage * Kassenbericht [&hellip;]\n                        <\/div>\n\n                    \n                    \n                <\/div>\n\n            \n        \n    <\/article><!-- .hentry -->\n\n<\/div><!-- .lae-posts-carousel-item -->\n<div data-id=\"id-5725\" class=\"lae-posts-carousel-item\">\n\n    <article id=\"post-5725\" class=\"post-5725 post type-post status-publish format-standard hentry category-kein-einsatzbeitrag category-loeschgruppe-boeckum-norddorf category-loeschgruppe-horn-millinghausen category-loeschgruppe-schallern category-loeschgruppe-schmerlecke category-loeschgruppe-stirpe category-loeschgruppe-voellinghausen category-loeschzug-bad-westernkotten category-loeschzug-erwitte entry\">\n\n        \n            \n            \n            \n            \n                <div class=\"lae-entry-text-wrap  nothumbnail\">\n\n                    \n                        <h3 class=\"entry-title\">\n\n                            <a href=\"https:\/\/www.feuerwehr-erwitte.de\/index.php\/2025\/03\/10\/jahresdienstbesprechung-der-gesamtwehr\/\" title=\"Jahresdienstbesprechung der Gesamtwehr\"\n                               rel=\"bookmark\">Jahresdienstbesprechung der Gesamtwehr<\/a>\n\n                        <\/h3>\n\n                    \n                    \n                    \n                        <div class=\"entry-summary\">\n\n                            Am vergangenen Samstag fand in der Hellweghalle Erwitte die Jahresdienstbesprechung der Feuerwehr Erwitte statt. Wehrf\u00fchrer Stephan K\u00f6chling blickte auf ein ereignisreiches Jahr 2024 zur\u00fcck, in dem die Feuerwehr zu insgesamt 240 Eins\u00e4tzen ausr\u00fccken musste. Diese umfassten unter anderem einen Gro\u00dfbrand sowie 96 technische Hilfeleistungen. Zudem war die Feuerwehr 34-mal \u00fcber\u00f6rtlich im Einsatz, beispielsweise mit der [&hellip;]\n                        <\/div>\n\n                    \n                    \n                <\/div>\n\n            \n        \n    <\/article><!-- .hentry -->\n\n<\/div><!-- .lae-posts-carousel-item -->\n<div data-id=\"id-5761\" class=\"lae-posts-carousel-item\">\n\n    <article id=\"post-5761\" class=\"post-5761 post type-post status-publish format-standard hentry category-kein-einsatzbeitrag category-loeschgruppe-boeckum-norddorf category-loeschgruppe-horn-millinghausen category-loeschgruppe-schallern category-loeschgruppe-schmerlecke category-loeschgruppe-stirpe category-loeschgruppe-voellinghausen category-loeschzug-bad-westernkotten category-loeschzug-erwitte entry\">\n\n        \n            \n            \n            \n            \n                <div class=\"lae-entry-text-wrap  nothumbnail\">\n\n                    \n                        <h3 class=\"entry-title\">\n\n                            <a href=\"https:\/\/www.feuerwehr-erwitte.de\/index.php\/2025\/02\/18\/abschluss-des-grundlehrgangs\/\" title=\"Abschluss des Grundlehrgangs\"\n                               rel=\"bookmark\">Abschluss des Grundlehrgangs<\/a>\n\n                        <\/h3>\n\n                    \n                    \n                    \n                        <div class=\"entry-summary\">\n\n                            Die Feuerwehren Erwitte und Geseke k\u00f6nnen sich \u00fcber 26 neue Kameradinnen und Kameraden freuen. Letzten Samstag kam es zum Finale f\u00fcr die Lehrgangsteilnehmer des Grundlehrgangs der Ausbildungsgemeinschaft der Feuerwehren Erwitte und Geseke. Der Tag startete f\u00fcr die TeilnehmerInnen mit der theoretischen Pr\u00fcfung. Diese wurde von allen mit Bravour bestanden und somit konnten alle Teilnehmer zu [&hellip;]\n                        <\/div>\n\n                    \n                    \n                <\/div>\n\n            \n        \n    <\/article><!-- .hentry -->\n\n<\/div><!-- .lae-posts-carousel-item -->\n<div data-id=\"id-5538\" class=\"lae-posts-carousel-item\">\n\n    <article id=\"post-5538\" class=\"post-5538 post type-post status-publish format-standard hentry category-kein-einsatzbeitrag category-loeschgruppe-boeckum-norddorf category-loeschgruppe-horn-millinghausen category-loeschgruppe-schallern category-loeschgruppe-schmerlecke category-loeschgruppe-stirpe category-loeschgruppe-voellinghausen category-loeschzug-bad-westernkotten category-loeschzug-erwitte entry\">\n\n        \n            \n            \n            \n            \n                <div class=\"lae-entry-text-wrap  nothumbnail\">\n\n                    \n                        <h3 class=\"entry-title\">\n\n                            <a href=\"https:\/\/www.feuerwehr-erwitte.de\/index.php\/2024\/10\/18\/feuerwehruebung-in-erwitte-realistische-rettung-unter-erschwerten-bedingungen\/\" title=\"Feuerwehr\u00fcbung in Erwitte: Realistische Rettung unter erschwerten Bedingungen\"\n                               rel=\"bookmark\">Feuerwehr\u00fcbung in Erwitte: Realistische Rettung unter erschwerten Bedingungen<\/a>\n\n                        <\/h3>\n\n                    \n                    \n                    \n                        <div class=\"entry-summary\">\n\n                            Erwitte, 12. Oktober 2024 \u2013 Am vergangenen Samstag fand auf dem Gel\u00e4nde der Firma Schl\u00fcter f\u00fcr Baumaschinen eine gro\u00dfangelegte Feuerwehr\u00fcbung statt, an der insgesamt 118 Kameradinnen und Kameraden der Feuerwehr Erwitte sowie 40 Helfer und Helferinnen aus verschiedenen Hilfsorganisationen des Kreises Soest und die Auszubildenden des zweiten und dritten Lehrjahres der Notfallsanit\u00e4ter des Rettungsdienstes teilnahmen. [&hellip;]\n                        <\/div>\n\n                    \n                    \n                <\/div>\n\n            \n        \n    <\/article><!-- .hentry -->\n\n<\/div><!-- .lae-posts-carousel-item -->\n<div data-id=\"id-5179\" class=\"lae-posts-carousel-item\">\n\n    <article id=\"post-5179\" class=\"post-5179 post type-post status-publish format-standard hentry category-kein-einsatzbeitrag category-loeschgruppe-boeckum-norddorf category-loeschgruppe-horn-millinghausen category-loeschgruppe-schallern category-loeschgruppe-schmerlecke category-loeschgruppe-stirpe category-loeschgruppe-voellinghausen category-loeschzug-bad-westernkotten category-loeschzug-erwitte entry\">\n\n        \n            \n            \n            \n            \n                <div class=\"lae-entry-text-wrap  nothumbnail\">\n\n                    \n                        <h3 class=\"entry-title\">\n\n                            <a href=\"https:\/\/www.feuerwehr-erwitte.de\/index.php\/2024\/03\/13\/landesweiter-warntag-am-14-maerz\/\" title=\"Landesweiter Warntag am 14. M\u00e4rz\"\n                               rel=\"bookmark\">Landesweiter Warntag am 14. M\u00e4rz<\/a>\n\n                        <\/h3>\n\n                    \n                    \n                    \n                        <div class=\"entry-summary\">\n\n                            Die Feuerwehren im Kreis Soest informieren: Am Donnerstag, 14. M\u00e4rz, findet wieder ein landesweiter Warntag statt. Auch im gesamten Kreis Soest werden ab 11 Uhr Sirenensignale zur Warnung der Bev\u00f6lkerung und zur Entwarnung ausgel\u00f6st. Gleichzeitig werden Warnmeldungen \u00fcber die Warn-Apps \u201eNina\u201c &amp; \u201eKatwarn\u201c sowie Cell Broadcast ausgel\u00f6st. Hinweis zum Cell Broadcast: Sofern die Endger\u00e4te die [&hellip;]\n                        <\/div>\n\n                    \n                    \n                <\/div>\n\n            \n        \n    <\/article><!-- .hentry -->\n\n<\/div><!-- .lae-posts-carousel-item --><\/div><!-- .lae-posts-carousel -->\t\t\t\t<\/div>\n\t\t\t\t<\/div>\n\t\t\t\t\t<\/div>\n\t\t<\/div>\n\t\t\t\t\t<\/div>\n\t\t<\/section>\n\t\t\t\t<section class=\"elementor-section elementor-top-section elementor-element elementor-element-0458a08 elementor-section-boxed elementor-section-height-default elementor-section-height-default\" data-id=\"0458a08\" data-element_type=\"section\" data-e-type=\"section\">\n\t\t\t\t\t\t<div class=\"elementor-container elementor-column-gap-default\">\n\t\t\t\t\t<div class=\"elementor-column elementor-col-100 elementor-top-column elementor-element elementor-element-c456995\" data-id=\"c456995\" data-element_type=\"column\" data-e-type=\"column\">\n\t\t\t<div class=\"elementor-widget-wrap elementor-element-populated\">\n\t\t\t\t\t\t<div class=\"elementor-element elementor-element-0b46ed9 elementor-widget elementor-widget-spacer\" data-id=\"0b46ed9\" data-element_type=\"widget\" data-e-type=\"widget\" data-widget_type=\"spacer.default\">\n\t\t\t\t<div class=\"elementor-widget-container\">\n\t\t\t\t\t\t\t<div class=\"elementor-spacer\">\n\t\t\t<div class=\"elementor-spacer-inner\"><\/div>\n\t\t<\/div>\n\t\t\t\t\t\t<\/div>\n\t\t\t\t<\/div>\n\t\t\t\t\t<\/div>\n\t\t<\/div>\n\t\t\t\t\t<\/div>\n\t\t<\/section>\n\t\t\t\t<section class=\"elementor-section elementor-top-section elementor-element elementor-element-ca6a4a9 elementor-section-boxed elementor-section-height-default elementor-section-height-default\" data-id=\"ca6a4a9\" data-element_type=\"section\" data-e-type=\"section\">\n\t\t\t\t\t\t<div class=\"elementor-container elementor-column-gap-wide\">\n\t\t\t\t\t<div class=\"elementor-column elementor-col-50 elementor-top-column elementor-element elementor-element-e2aa72f\" data-id=\"e2aa72f\" data-element_type=\"column\" data-e-type=\"column\">\n\t\t\t<div class=\"elementor-widget-wrap elementor-element-populated\">\n\t\t\t\t\t\t<div class=\"elementor-element elementor-element-a1cc980 elementor-widget elementor-widget-heading\" data-id=\"a1cc980\" data-element_type=\"widget\" data-e-type=\"widget\" data-widget_type=\"heading.default\">\n\t\t\t\t<div class=\"elementor-widget-container\">\n\t\t\t\t\t<h2 class=\"elementor-heading-title elementor-size-default\">Kontaktformular:<\/h2>\t\t\t\t<\/div>\n\t\t\t\t<\/div>\n\t\t\t\t<div class=\"elementor-element elementor-element-3eea8fa elementor-widget elementor-widget-shortcode\" data-id=\"3eea8fa\" data-element_type=\"widget\" data-e-type=\"widget\" data-widget_type=\"shortcode.default\">\n\t\t\t\t<div class=\"elementor-widget-container\">\n\t\t\t\t\t\t\t<div class=\"elementor-shortcode\">\n<div class=\"wpcf7 no-js\" id=\"wpcf7-f579-o1\" lang=\"de-DE\" dir=\"ltr\" data-wpcf7-id=\"579\">\n<div class=\"screen-reader-response\"><p role=\"status\" aria-live=\"polite\" aria-atomic=\"true\"><\/p> <ul><\/ul><\/div>\n<form action=\"\/index.php\/wp-json\/wp\/v2\/pages\/57#wpcf7-f579-o1\" method=\"post\" class=\"wpcf7-form init\" aria-label=\"Kontaktformular\" novalidate=\"novalidate\" data-status=\"init\">\n<fieldset class=\"hidden-fields-container\"><input type=\"hidden\" name=\"_wpcf7\" value=\"579\" \/><input type=\"hidden\" name=\"_wpcf7_version\" value=\"6.1.5\" \/><input type=\"hidden\" name=\"_wpcf7_locale\" value=\"de_DE\" \/><input type=\"hidden\" name=\"_wpcf7_unit_tag\" value=\"wpcf7-f579-o1\" \/><input type=\"hidden\" name=\"_wpcf7_container_post\" value=\"0\" \/><input type=\"hidden\" name=\"_wpcf7_posted_data_hash\" value=\"\" \/>\n<\/fieldset>\n<p><label> Dein Name (Pflichtfeld)<br \/>\n<span class=\"wpcf7-form-control-wrap\" data-name=\"your-name\"><input size=\"40\" maxlength=\"400\" class=\"wpcf7-form-control wpcf7-text wpcf7-validates-as-required\" aria-required=\"true\" aria-invalid=\"false\" value=\"\" type=\"text\" name=\"your-name\" \/><\/span> <\/label>\n<\/p>\n<p><label> Deine E-Mail-Adresse (Pflichtfeld)<br \/>\n<span class=\"wpcf7-form-control-wrap\" data-name=\"your-email\"><input size=\"40\" maxlength=\"400\" class=\"wpcf7-form-control wpcf7-email wpcf7-validates-as-required wpcf7-text wpcf7-validates-as-email\" aria-required=\"true\" aria-invalid=\"false\" value=\"\" type=\"email\" name=\"your-email\" \/><\/span> <\/label>\n<\/p>\n<p><label> Betreff<br \/>\n<span class=\"wpcf7-form-control-wrap\" data-name=\"your-subject\"><input size=\"40\" maxlength=\"400\" class=\"wpcf7-form-control wpcf7-text\" aria-invalid=\"false\" value=\"\" type=\"text\" name=\"your-subject\" \/><\/span> <\/label>\n<\/p>\n<p><label> Deine Nachricht<br \/>\n<span class=\"wpcf7-form-control-wrap\" data-name=\"your-message\"><textarea cols=\"40\" rows=\"10\" maxlength=\"2000\" class=\"wpcf7-form-control wpcf7-textarea\" aria-invalid=\"false\" name=\"your-message\"><\/textarea><\/span> <\/label>\n<\/p>\n<p><input class=\"wpcf7-form-control wpcf7-submit has-spinner\" type=\"submit\" value=\"Senden\" \/>\n<\/p><input\n                    class=\"apbct_special_field apbct_email_id__wp_contact_form_7\"\n                    name=\"apbct__email_id__wp_contact_form_7\"\n                    aria-label=\"apbct__label_id__wp_contact_form_7\"\n                    type=\"text\" size=\"30\" maxlength=\"200\" autocomplete=\"off\"\n                    value=\"\"\n                \/><div class=\"wpcf7-response-output\" aria-hidden=\"true\"><\/div>\n<input\n                    class=\"apbct_special_field apbct_email_id__elementor_form\"\n                    name=\"apbct__email_id__elementor_form\"\n                    aria-label=\"apbct__label_id__elementor_form\"\n                    type=\"text\" size=\"30\" maxlength=\"200\" autocomplete=\"off\"\n                    value=\"\"\n                \/><\/form>\n<\/div>\n<\/div>\n\t\t\t\t\t\t<\/div>\n\t\t\t\t<\/div>\n\t\t\t\t\t<\/div>\n\t\t<\/div>\n\t\t\t\t<div class=\"elementor-column elementor-col-50 elementor-top-column elementor-element elementor-element-996d744\" data-id=\"996d744\" data-element_type=\"column\" data-e-type=\"column\">\n\t\t\t<div class=\"elementor-widget-wrap elementor-element-populated\">\n\t\t\t\t\t\t<div class=\"elementor-element elementor-element-6876f99 elementor-widget elementor-widget-heading\" data-id=\"6876f99\" data-element_type=\"widget\" data-e-type=\"widget\" data-widget_type=\"heading.default\">\n\t\t\t\t<div class=\"elementor-widget-container\">\n\t\t\t\t\t<h2 class=\"elementor-heading-title elementor-size-default\">Ger\u00e4tehaus:<\/h2>\t\t\t\t<\/div>\n\t\t\t\t<\/div>\n\t\t\t\t<div class=\"elementor-element elementor-element-f86956c elementor-align-start elementor-icon-list--layout-traditional elementor-list-item-link-full_width elementor-widget elementor-widget-icon-list\" data-id=\"f86956c\" data-element_type=\"widget\" data-e-type=\"widget\" data-widget_type=\"icon-list.default\">\n\t\t\t\t<div class=\"elementor-widget-container\">\n\t\t\t\t\t\t\t<ul class=\"elementor-icon-list-items\">\n\t\t\t\t\t\t\t<li class=\"elementor-icon-list-item\">\n\t\t\t\t\t\t\t\t\t\t\t<span class=\"elementor-icon-list-icon\">\n\t\t\t\t\t\t\t<i aria-hidden=\"true\" class=\"fas fa-map-marker-alt\"><\/i>\t\t\t\t\t\t<\/span>\n\t\t\t\t\t\t\t\t\t\t<span class=\"elementor-icon-list-text\">L\u00fcneweg 3 - 59597 Erwitte<\/span>\n\t\t\t\t\t\t\t\t\t<\/li>\n\t\t\t\t\t\t\t\t<li class=\"elementor-icon-list-item\">\n\t\t\t\t\t\t\t\t\t\t\t<span class=\"elementor-icon-list-icon\">\n\t\t\t\t\t\t\t<i aria-hidden=\"true\" class=\"fas fa-phone-alt\"><\/i>\t\t\t\t\t\t<\/span>\n\t\t\t\t\t\t\t\t\t\t<span class=\"elementor-icon-list-text\">02945 1408<\/span>\n\t\t\t\t\t\t\t\t\t<\/li>\n\t\t\t\t\t\t\t\t<li class=\"elementor-icon-list-item\">\n\t\t\t\t\t\t\t\t\t\t\t<span class=\"elementor-icon-list-icon\">\n\t\t\t\t\t\t\t<i aria-hidden=\"true\" class=\"fas fa-fax\"><\/i>\t\t\t\t\t\t<\/span>\n\t\t\t\t\t\t\t\t\t\t<span class=\"elementor-icon-list-text\">02945 200539<\/span>\n\t\t\t\t\t\t\t\t\t<\/li>\n\t\t\t\t\t\t\t\t<li class=\"elementor-icon-list-item\">\n\t\t\t\t\t\t\t\t\t\t\t<a href=\"mailto:horn-millinghausen@feuerwehr-erwitte.de\">\n\n\t\t\t\t\t\t\t\t\t\t\t\t<span class=\"elementor-icon-list-icon\">\n\t\t\t\t\t\t\t<i aria-hidden=\"true\" class=\"fas fa-envelope\"><\/i>\t\t\t\t\t\t<\/span>\n\t\t\t\t\t\t\t\t\t\t<span class=\"elementor-icon-list-text\">horn-millinghausen@feuerwehr-erwitte.de<\/span>\n\t\t\t\t\t\t\t\t\t\t\t<\/a>\n\t\t\t\t\t\t\t\t\t<\/li>\n\t\t\t\t\t\t<\/ul>\n\t\t\t\t\t\t<\/div>\n\t\t\t\t<\/div>\n\t\t\t\t<div class=\"elementor-element elementor-element-d42516a elementor-widget elementor-widget-google_maps\" data-id=\"d42516a\" data-element_type=\"widget\" data-e-type=\"widget\" data-widget_type=\"google_maps.default\">\n\t\t\t\t<div class=\"elementor-widget-container\">\n\t\t\t\t\t\t\t<div class=\"elementor-custom-embed\">\n\t\t\t<iframe loading=\"lazy\"\n\t\t\t\t\tsrc=\"https:\/\/maps.google.com\/maps?q=L%C3%BCneweg%203%2C%2059597%20Erwitte&#038;t=m&#038;z=14&#038;output=embed&#038;iwloc=near\"\n\t\t\t\t\ttitle=\"L\u00fcneweg 3, 59597 Erwitte\"\n\t\t\t\t\taria-label=\"L\u00fcneweg 3, 59597 Erwitte\"\n\t\t\t><\/iframe>\n\t\t<\/div>\n\t\t\t\t\t\t<\/div>\n\t\t\t\t<\/div>\n\t\t\t\t<div class=\"elementor-element elementor-element-411ad03 elementor-widget-divider--view-line elementor-widget elementor-widget-divider\" data-id=\"411ad03\" data-element_type=\"widget\" data-e-type=\"widget\" data-widget_type=\"divider.default\">\n\t\t\t\t<div class=\"elementor-widget-container\">\n\t\t\t\t\t\t\t<div class=\"elementor-divider\">\n\t\t\t<span class=\"elementor-divider-separator\">\n\t\t\t\t\t\t<\/span>\n\t\t<\/div>\n\t\t\t\t\t\t<\/div>\n\t\t\t\t<\/div>\n\t\t\t\t\t<\/div>\n\t\t<\/div>\n\t\t\t\t\t<\/div>\n\t\t<\/section>\n\t\t\t\t<\/div>\n\t\t","protected":false},"excerpt":{"rendered":"<p>L\u00f6schzug Horn-Millinghausen Gr\u00fcndungsjahr 0 Mitglieder 0 Fahrzeuge 0 L\u00f6schzugf\u00fchrerBOI Dominic Kirchhoff StV. L\u00f6schzugf\u00fchrerUBM Ralf Kleegraf StV. L\u00f6schzugf\u00fchrerinUBM Anika Kirchhoff Fahrzeuge Hilfeleistungsl\u00f6schfahrzeug (HLF) L\u00f6schfahrzeug (LF) Jahresdienstbesprechung der Gesamtwehr Am vergangenen Samstag fand in der Hellweghalle Erwitte die Jahresdienstbesprechung der Feuerwehr Erwitte statt. Wehrf\u00fchrer Stephan K\u00f6chling blickte auf ein ereignisreiches Jahr 2024 zur\u00fcck, in dem die Feuerwehr [&hellip;]<\/p>\n","protected":false},"author":5,"featured_media":0,"parent":0,"menu_order":0,"comment_status":"closed","ping_status":"closed","template":"","meta":{"ocean_post_layout":"","ocean_both_sidebars_style":"","ocean_both_sidebars_content_width":0,"ocean_both_sidebars_sidebars_width":0,"ocean_sidebar":"","ocean_second_sidebar":"","ocean_disable_margins":"enable","ocean_add_body_class":"","ocean_shortcode_before_top_bar":"","ocean_shortcode_after_top_bar":"","ocean_shortcode_before_header":"","ocean_shortcode_after_header":"","ocean_has_shortcode":"","ocean_shortcode_after_title":"","ocean_shortcode_before_footer_widgets":"","ocean_shortcode_after_footer_widgets":"","ocean_shortcode_before_footer_bottom":"","ocean_shortcode_after_footer_bottom":"","ocean_display_top_bar":"default","ocean_display_header":"default","ocean_header_style":"","ocean_center_header_left_menu":"","ocean_custom_header_template":"","ocean_custom_logo":0,"ocean_custom_retina_logo":0,"ocean_custom_logo_max_width":0,"ocean_custom_logo_tablet_max_width":0,"ocean_custom_logo_mobile_max_width":0,"ocean_custom_logo_max_height":0,"ocean_custom_logo_tablet_max_height":0,"ocean_custom_logo_mobile_max_height":0,"ocean_header_custom_menu":"","ocean_menu_typo_font_family":"","ocean_menu_typo_font_subset":"","ocean_menu_typo_font_size":0,"ocean_menu_typo_font_size_tablet":0,"ocean_menu_typo_font_size_mobile":0,"ocean_menu_typo_font_size_unit":"px","ocean_menu_typo_font_weight":"","ocean_menu_typo_font_weight_tablet":"","ocean_menu_typo_font_weight_mobile":"","ocean_menu_typo_transform":"","ocean_menu_typo_transform_tablet":"","ocean_menu_typo_transform_mobile":"","ocean_menu_typo_line_height":0,"ocean_menu_typo_line_height_tablet":0,"ocean_menu_typo_line_height_mobile":0,"ocean_menu_typo_line_height_unit":"","ocean_menu_typo_spacing":0,"ocean_menu_typo_spacing_tablet":0,"ocean_menu_typo_spacing_mobile":0,"ocean_menu_typo_spacing_unit":"","ocean_menu_link_color":"","ocean_menu_link_color_hover":"","ocean_menu_link_color_active":"","ocean_menu_link_background":"","ocean_menu_link_hover_background":"","ocean_menu_link_active_background":"","ocean_menu_social_links_bg":"","ocean_menu_social_hover_links_bg":"","ocean_menu_social_links_color":"","ocean_menu_social_hover_links_color":"","ocean_disable_title":"default","ocean_disable_heading":"default","ocean_post_title":"","ocean_post_subheading":"","ocean_post_title_style":"","ocean_post_title_background_color":"","ocean_post_title_background":0,"ocean_post_title_bg_image_position":"","ocean_post_title_bg_image_attachment":"","ocean_post_title_bg_image_repeat":"","ocean_post_title_bg_image_size":"","ocean_post_title_height":0,"ocean_post_title_bg_overlay":0.5,"ocean_post_title_bg_overlay_color":"","ocean_disable_breadcrumbs":"default","ocean_breadcrumbs_color":"","ocean_breadcrumbs_separator_color":"","ocean_breadcrumbs_links_color":"","ocean_breadcrumbs_links_hover_color":"","ocean_display_footer_widgets":"default","ocean_display_footer_bottom":"default","ocean_custom_footer_template":"","footnotes":""},"class_list":["post-57","page","type-page","status-publish","hentry","entry"],"_links":{"self":[{"href":"https:\/\/www.feuerwehr-erwitte.de\/index.php\/wp-json\/wp\/v2\/pages\/57","targetHints":{"allow":["GET"]}}],"collection":[{"href":"https:\/\/www.feuerwehr-erwitte.de\/index.php\/wp-json\/wp\/v2\/pages"}],"about":[{"href":"https:\/\/www.feuerwehr-erwitte.de\/index.php\/wp-json\/wp\/v2\/types\/page"}],"author":[{"embeddable":true,"href":"https:\/\/www.feuerwehr-erwitte.de\/index.php\/wp-json\/wp\/v2\/users\/5"}],"replies":[{"embeddable":true,"href":"https:\/\/www.feuerwehr-erwitte.de\/index.php\/wp-json\/wp\/v2\/comments?post=57"}],"version-history":[{"count":67,"href":"https:\/\/www.feuerwehr-erwitte.de\/index.php\/wp-json\/wp\/v2\/pages\/57\/revisions"}],"predecessor-version":[{"id":6085,"href":"https:\/\/www.feuerwehr-erwitte.de\/index.php\/wp-json\/wp\/v2\/pages\/57\/revisions\/6085"}],"wp:attachment":[{"href":"https:\/\/www.feuerwehr-erwitte.de\/index.php\/wp-json\/wp\/v2\/media?parent=57"}],"curies":[{"name":"wp","href":"https:\/\/api.w.org\/{rel}","templated":true}]}}